{"id":554,"date":"2016-04-26T22:51:17","date_gmt":"2016-04-26T20:51:17","guid":{"rendered":"http:\/\/citpc.fr\/adeli\/?page_id=554"},"modified":"2016-07-02T13:21:14","modified_gmt":"2016-07-02T11:21:14","slug":"liste-des-prefectures","status":"publish","type":"page","link":"http:\/\/citpc.fr\/adeli\/liste-des-prefectures\/","title":{"rendered":"Liste des pr\u00e9fectures"},"content":{"rendered":"<p>[et_pb_section admin_label=\u00a0\u00bbSection\u00a0\u00bb global_module=\u00a0\u00bb768&Prime; fullwidth=\u00a0\u00bboff\u00a0\u00bb specialty=\u00a0\u00bboff\u00a0\u00bb transparent_background=\u00a0\u00bboff\u00a0\u00bb background_color=\u00a0\u00bb#777777&Prime; allow_player_pause=\u00a0\u00bboff\u00a0\u00bb inner_shadow=\u00a0\u00bboff\u00a0\u00bb parallax=\u00a0\u00bboff\u00a0\u00bb parallax_method=\u00a0\u00bboff\u00a0\u00bb padding_mobile=\u00a0\u00bboff\u00a0\u00bb make_fullwidth=\u00a0\u00bboff\u00a0\u00bb use_custom_width=\u00a0\u00bboff\u00a0\u00bb width_unit=\u00a0\u00bbon\u00a0\u00bb make_equal=\u00a0\u00bboff\u00a0\u00bb use_custom_gutter=\u00a0\u00bboff\u00a0\u00bb custom_padding=\u00a0\u00bb5px||0px|\u00a0\u00bb disabled=\u00a0\u00bboff\u00a0\u00bb disabled_on=\u00a0\u00bbon||\u00a0\u00bb][et_pb_row global_parent=\u00a0\u00bb768&Prime; admin_label=\u00a0\u00bbLigne\u00a0\u00bb make_fullwidth=\u00a0\u00bboff\u00a0\u00bb use_custom_width=\u00a0\u00bboff\u00a0\u00bb width_unit=\u00a0\u00bbon\u00a0\u00bb use_custom_gutter=\u00a0\u00bboff\u00a0\u00bb custom_padding=\u00a0\u00bb0px||0px|\u00a0\u00bb padding_mobile=\u00a0\u00bboff\u00a0\u00bb allow_player_pause=\u00a0\u00bboff\u00a0\u00bb parallax=\u00a0\u00bboff\u00a0\u00bb parallax_method=\u00a0\u00bboff\u00a0\u00bb make_equal=\u00a0\u00bboff\u00a0\u00bb parallax_1=\u00a0\u00bboff\u00a0\u00bb parallax_method_1=\u00a0\u00bboff\u00a0\u00bb parallax_2=\u00a0\u00bboff\u00a0\u00bb parallax_method_2=\u00a0\u00bboff\u00a0\u00bb parallax_3=\u00a0\u00bboff\u00a0\u00bb parallax_method_3=\u00a0\u00bboff\u00a0\u00bb parallax_4=\u00a0\u00bboff\u00a0\u00bb parallax_method_4=\u00a0\u00bboff\u00a0\u00bb column_padding_mobile=\u00a0\u00bbon\u00a0\u00bb][et_pb_column type=\u00a0\u00bb1_4&Prime;][et_pb_text global_parent=\u00a0\u00bb768&Prime; admin_label=\u00a0\u00bbInscription \u00e0 un test\u00a0\u00bb background_layout=\u00a0\u00bblight\u00a0\u00bb text_orientation=\u00a0\u00bbleft\u00a0\u00bb use_border_color=\u00a0\u00bboff\u00a0\u00bb border_color=\u00a0\u00bb#ffffff\u00a0\u00bb border_style=\u00a0\u00bbsolid\u00a0\u00bb]<\/p>\n<h2 style=\"text-align: center;\"><span style=\"font-size: 12pt;\"><a href=\"http:\/\/citpc.fr\/adeli\/\"><span style=\"color: #ffffff;\"><strong>Inscription \u00e0 un test<\/strong><\/span><\/a><\/span><\/h2>\n<p>[\/et_pb_text][\/et_pb_column][et_pb_column type=\u00a0\u00bb1_4&Prime;][et_pb_text global_parent=\u00a0\u00bb768&Prime; admin_label=\u00a0\u00bbD\u00e9roulement\u00a0\u00bb background_layout=\u00a0\u00bblight\u00a0\u00bb text_orientation=\u00a0\u00bbleft\u00a0\u00bb use_border_color=\u00a0\u00bboff\u00a0\u00bb border_color=\u00a0\u00bb#ffffff\u00a0\u00bb border_style=\u00a0\u00bbsolid\u00a0\u00bb]<\/p>\n<h2 style=\"text-align: center;\"><span style=\"font-size: 12pt;\"><a href=\"http:\/\/citpc.fr\/adeli\/deroulement-du-test\/\"><span style=\"color: #ffffff;\"><strong>D\u00e9roulement du test<\/strong><\/span><\/a><\/span><\/h2>\n<p>[\/et_pb_text][\/et_pb_column][et_pb_column type=\u00a0\u00bb1_4&Prime;][et_pb_text global_parent=\u00a0\u00bb768&Prime; admin_label=\u00a0\u00bbProc\u00e9dure\u00a0\u00bb background_layout=\u00a0\u00bblight\u00a0\u00bb text_orientation=\u00a0\u00bbleft\u00a0\u00bb use_border_color=\u00a0\u00bboff\u00a0\u00bb border_color=\u00a0\u00bb#ffffff\u00a0\u00bb border_style=\u00a0\u00bbsolid\u00a0\u00bb]<\/p>\n<h2 style=\"text-align: center;\"><span style=\"font-size: 12pt;\"><a href=\"http:\/\/citpc.fr\/adeli\/procedure-dinscription-au-test-psychotechnique\/\"><span style=\"color: #ffffff;\"><strong>Proc\u00e9dure d\u2019inscription<\/strong><\/span><\/a><\/span><\/h2>\n<p>[\/et_pb_text][\/et_pb_column][et_pb_column type=\u00a0\u00bb1_4&Prime;][et_pb_text global_parent=\u00a0\u00bb768&Prime; admin_label=\u00a0\u00bbPsychologues\u00a0\u00bb background_layout=\u00a0\u00bblight\u00a0\u00bb text_orientation=\u00a0\u00bbleft\u00a0\u00bb use_border_color=\u00a0\u00bboff\u00a0\u00bb border_color=\u00a0\u00bb#ffffff\u00a0\u00bb border_style=\u00a0\u00bbsolid\u00a0\u00bb]<\/p>\n<h2 style=\"text-align: center;\"><span style=\"font-size: 12pt;\"><a href=\"http:\/\/citpc.fr\/adeli\/psychologues-adeli_ars\/\"><span style=\"color: #ffffff;\"><strong>Psychologues ADELI \/ ARS<\/strong><\/span><\/a><\/span><\/h2>\n<p>[\/et_pb_text][\/et_pb_column][\/et_pb_row][et_pb_row global_parent=\u00a0\u00bb768&Prime; admin_label=\u00a0\u00bbLigne\u00a0\u00bb make_fullwidth=\u00a0\u00bboff\u00a0\u00bb use_custom_width=\u00a0\u00bboff\u00a0\u00bb width_unit=\u00a0\u00bbon\u00a0\u00bb use_custom_gutter=\u00a0\u00bboff\u00a0\u00bb custom_padding=\u00a0\u00bb0px||0px|\u00a0\u00bb padding_mobile=\u00a0\u00bboff\u00a0\u00bb allow_player_pause=\u00a0\u00bboff\u00a0\u00bb parallax=\u00a0\u00bboff\u00a0\u00bb parallax_method=\u00a0\u00bboff\u00a0\u00bb make_equal=\u00a0\u00bboff\u00a0\u00bb parallax_1=\u00a0\u00bboff\u00a0\u00bb parallax_method_1=\u00a0\u00bboff\u00a0\u00bb parallax_2=\u00a0\u00bboff\u00a0\u00bb parallax_method_2=\u00a0\u00bboff\u00a0\u00bb parallax_3=\u00a0\u00bboff\u00a0\u00bb parallax_method_3=\u00a0\u00bboff\u00a0\u00bb parallax_4=\u00a0\u00bboff\u00a0\u00bb parallax_method_4=\u00a0\u00bboff\u00a0\u00bb column_padding_mobile=\u00a0\u00bbon\u00a0\u00bb][et_pb_column type=\u00a0\u00bb1_4&Prime;][et_pb_text global_parent=\u00a0\u00bb768&Prime; admin_label=\u00a0\u00bbAnnulation\u00a0\u00bb background_layout=\u00a0\u00bblight\u00a0\u00bb text_orientation=\u00a0\u00bbleft\u00a0\u00bb use_border_color=\u00a0\u00bboff\u00a0\u00bb border_color=\u00a0\u00bb#ffffff\u00a0\u00bb border_style=\u00a0\u00bbsolid\u00a0\u00bb]<\/p>\n<h2 style=\"text-align: center;\"><span style=\"font-size: 12pt;\"><a href=\"http:\/\/citpc.fr\/adeli\/annulation-du-permis\/\"><span style=\"color: #ffffff;\"><strong>Annulation du permis<\/strong><\/span><\/a><\/span><\/h2>\n<p>[\/et_pb_text][\/et_pb_column][et_pb_column type=\u00a0\u00bb1_4&Prime;][et_pb_text global_parent=\u00a0\u00bb768&Prime; admin_label=\u00a0\u00bbInvalidation\u00a0\u00bb background_layout=\u00a0\u00bblight\u00a0\u00bb text_orientation=\u00a0\u00bbleft\u00a0\u00bb use_border_color=\u00a0\u00bboff\u00a0\u00bb border_color=\u00a0\u00bb#ffffff\u00a0\u00bb border_style=\u00a0\u00bbsolid\u00a0\u00bb]<\/p>\n<h2 style=\"text-align: center;\"><span style=\"color: #ffffff; font-size: 12pt;\"><strong><a style=\"color: #ffffff;\" href=\"http:\/\/citpc.fr\/adeli\/invalidation-du-permis\/\">Invalidation du permis<\/a><\/strong><\/span><\/h2>\n<p>[\/et_pb_text][\/et_pb_column][et_pb_column type=\u00a0\u00bb1_4&Prime;][et_pb_text global_parent=\u00a0\u00bb768&Prime; admin_label=\u00a0\u00bbSuspension\u00a0\u00bb background_layout=\u00a0\u00bblight\u00a0\u00bb text_orientation=\u00a0\u00bbleft\u00a0\u00bb use_border_color=\u00a0\u00bboff\u00a0\u00bb border_color=\u00a0\u00bb#ffffff\u00a0\u00bb border_style=\u00a0\u00bbsolid\u00a0\u00bb]<\/p>\n<h2 style=\"text-align: center;\"><span style=\"font-size: 12pt;\"><a href=\"http:\/\/citpc.fr\/adeli\/suspension-du-permis\/\"><span style=\"color: #ffffff;\"><strong>Suspension du permis<\/strong><\/span><\/a><\/span><\/h2>\n<p>[\/et_pb_text][\/et_pb_column][et_pb_column type=\u00a0\u00bb1_4&Prime;][et_pb_text global_parent=\u00a0\u00bb768&Prime; admin_label=\u00a0\u00bbPr\u00e9fectures\u00a0\u00bb background_layout=\u00a0\u00bblight\u00a0\u00bb text_orientation=\u00a0\u00bbleft\u00a0\u00bb use_border_color=\u00a0\u00bboff\u00a0\u00bb border_color=\u00a0\u00bb#ffffff\u00a0\u00bb border_style=\u00a0\u00bbsolid\u00a0\u00bb]<\/p>\n<h2 style=\"text-align: center;\"><span style=\"color: #ffffff; font-size: 12pt;\"><strong><a href=\"http:\/\/citpc.fr\/adeli\/liste-des-prefectures\/\">Liste des pr\u00e9fectures<\/a> <\/strong><\/span><\/h2>\n<p>[\/et_pb_text][\/et_pb_column][\/et_pb_row][\/et_pb_section][et_pb_section admin_label=\u00a0\u00bbSection\u00a0\u00bb fullwidth=\u00a0\u00bboff\u00a0\u00bb specialty=\u00a0\u00bbon\u00a0\u00bb transparent_background=\u00a0\u00bboff\u00a0\u00bb background_color=\u00a0\u00bb#ffffff\u00a0\u00bb allow_player_pause=\u00a0\u00bboff\u00a0\u00bb inner_shadow=\u00a0\u00bboff\u00a0\u00bb parallax=\u00a0\u00bboff\u00a0\u00bb parallax_method=\u00a0\u00bboff\u00a0\u00bb padding_mobile=\u00a0\u00bboff\u00a0\u00bb make_fullwidth=\u00a0\u00bboff\u00a0\u00bb use_custom_width=\u00a0\u00bboff\u00a0\u00bb width_unit=\u00a0\u00bbon\u00a0\u00bb make_equal=\u00a0\u00bboff\u00a0\u00bb use_custom_gutter=\u00a0\u00bboff\u00a0\u00bb parallax_1=\u00a0\u00bboff\u00a0\u00bb parallax_method_1=\u00a0\u00bboff\u00a0\u00bb parallax_2=\u00a0\u00bboff\u00a0\u00bb parallax_method_2=\u00a0\u00bboff\u00a0\u00bb custom_padding=\u00a0\u00bb10px|||\u00a0\u00bb][et_pb_column type=\u00a0\u00bb3_4&Prime; specialty_columns=\u00a0\u00bb3&Prime;][et_pb_row_inner admin_label=\u00a0\u00bbLigne\u00a0\u00bb][et_pb_column_inner type=\u00a0\u00bb4_4&Prime; saved_specialty_column_type=\u00a0\u00bb3_4&Prime;][et_pb_text admin_label=\u00a0\u00bbTexte\u00a0\u00bb background_layout=\u00a0\u00bblight\u00a0\u00bb text_orientation=\u00a0\u00bbleft\u00a0\u00bb use_border_color=\u00a0\u00bboff\u00a0\u00bb border_color=\u00a0\u00bb#ffffff\u00a0\u00bb border_style=\u00a0\u00bbsolid\u00a0\u00bb custom_margin=\u00a0\u00bb20px|||\u00a0\u00bb]<\/p>\n<h1><a id=\"00\"><\/a>Liste des Pr\u00e9fectures<\/h1>\n<p><select name=\"jumpit\" size=\"1\" onchange=\"document.location.href=this.value\"><option value=\"#\">Votre d\u00e9partement<\/option><option value=\"#00\">01 &#8211; Ain<\/option><option value=\"#00\">02 &#8211; Aisne<\/option><option value=\"#01\">03 &#8211; Allier<\/option><option value=\"#02\">04 &#8211; Alpes-de-Haute-Provence<\/option><option value=\"#03\">05 &#8211; Hautes-Alpes<\/option><option value=\"#04\">06 &#8211; Alpes-Maritimes<\/option><option value=\"#05\">07 &#8211; Ard\u00e8che<\/option><option value=\"#06\">08 &#8211; Ardennes<\/option><option value=\"#07\">09 &#8211; Ari\u00e8ge<\/option><option value=\"#08\">10 &#8211; Aube<\/option><option value=\"#09\">11 &#8211; Aude<\/option><option value=\"#10\">12 &#8211; Aveyron<\/option><option value=\"#11\">13 &#8211; Bouches-du-Rh\u00f4ne<\/option><option value=\"#12\">14 &#8211; Calvados<\/option><option value=\"#13\">15 &#8211; Cantal<\/option><option value=\"#14\">16 &#8211; Charente<\/option><option value=\"#15\">17 &#8211; Charente-Maritime<\/option><option value=\"#16\">18 &#8211; Cher<\/option><option value=\"#17\">19 &#8211; Corr\u00e8ze<\/option><option value=\"#18\">20 &#8211; Corse du Sud<\/option><option value=\"#19\">20 &#8211; Corse du Nord<\/option><option value=\"#2A\">21 &#8211; C\u00f4te-d&rsquo;Or<\/option><option value=\"#2B\">22 &#8211; C\u00f4tes-d&rsquo;Armor<\/option><option value=\"#21\">23 &#8211; Creuse<\/option><option value=\"#22\">24 &#8211; Dordogne<\/option><option value=\"#23\">25 &#8211; Doubs<\/option><option value=\"#24\">26 &#8211; Dr\u00f4me<\/option><option value=\"#25\">27 &#8211; Eure<\/option><option value=\"#26\">28 &#8211; Eure-et-Loir<\/option><option value=\"#27\">29 &#8211; Finist\u00e8re<\/option><option value=\"#28\">30 &#8211; Gard<\/option><option value=\"#29\">31 &#8211; Haute-Garonne<\/option><option value=\"#30\">32 &#8211; Gers<\/option><option value=\"#31\">33 &#8211; Gironde<\/option><option value=\"#32\">34 &#8211; H\u00e9rault<\/option><option value=\"#33\">35 &#8211; Ille-et-Vilaine<\/option><option value=\"#34\">36 &#8211; Indre<\/option><option value=\"#35\">37 &#8211; Indre-et-Loire<\/option><option value=\"#36\">38 &#8211; Is\u00e8re<\/option><option value=\"#37\">39 &#8211; Jura<\/option><option value=\"#38\">40 &#8211; Landes<\/option><option value=\"#39\">41 &#8211; Loir-et-Cher<\/option><option value=\"#40\">42 &#8211; Loire<\/option><option value=\"#41\">43 &#8211; Haute-Loire<\/option><option value=\"#42\">44 &#8211; Loire-Atlantique<\/option><option value=\"#43\">45 &#8211; Loiret<\/option><option value=\"#44\">46 &#8211; Lot<\/option><option value=\"#45\">47 &#8211; Lot-et-Garonne<\/option><option value=\"#46\">48 &#8211; Loz\u00e8re<\/option><option value=\"#47\">49 &#8211; Maine-et-Loire<\/option><option value=\"#48\">50 &#8211; Manche<\/option><option value=\"#49\">51 &#8211; Marne<\/option><option value=\"#50\">52 &#8211; Haute-Marne<\/option><option value=\"#51\">53 &#8211; Mayenne<\/option><option value=\"#52\">54 &#8211; Meurthe-et-Moselle<\/option><option value=\"#53\">55 &#8211; Meuse<\/option><option value=\"#54\">56 &#8211; Morbihan<\/option><option value=\"#55\">57 &#8211; Moselle<\/option><option value=\"#56\">58 &#8211; Ni\u00e8vre<\/option><option value=\"#57\">59 &#8211; Nord<\/option><option value=\"#58\">60 &#8211; Oise<\/option><option value=\"#59\">61 &#8211; Orne<\/option><option value=\"#60\">62 &#8211; Pas-de-Calais<\/option><option value=\"#61\">63 &#8211; Puy-de-D\u00f4me<\/option><option value=\"#62\">64 &#8211; Pyr\u00e9n\u00e9es-Atlantiques<\/option><option value=\"#63\">65 &#8211; Hautes-Pyr\u00e9n\u00e9es<\/option><option value=\"#64\">66 &#8211; Pyr\u00e9n\u00e9es-Orientales<\/option><option value=\"#65\">67 &#8211; Bas-Rhin<\/option><option value=\"#66\">68 &#8211; Haut-Rhin<\/option><option value=\"#67\">69 &#8211; Rh\u00f4ne<\/option><option value=\"#68\">70 &#8211; Haute-Sa\u00f4ne<\/option><option value=\"#69\">71 &#8211; Sa\u00f4ne-et-Loire<\/option><option value=\"#70\">72 &#8211; Sarthe<\/option><option value=\"#71\">73 &#8211; Savoie<\/option><option value=\"#72\">74 &#8211; Haute-Savoie<\/option><option value=\"#73\">75 &#8211; Paris<\/option><option value=\"#74\">76 &#8211; Seine-Maritime<\/option><option value=\"#75\">77 &#8211; Seine-et-Marne<\/option><option value=\"#76\">78 &#8211; Yvelines<\/option><option value=\"#77\">79 &#8211; Deux-S\u00e8vres<\/option><option value=\"#78\">80 &#8211; Somme<\/option><option value=\"#79\">81 &#8211; Tarn<\/option><option value=\"#80\">82 &#8211; Tarn-et-Garonne<\/option><option value=\"#81\">83 &#8211; Var<\/option><option value=\"#82\">84 &#8211; Vaucluse<\/option><option value=\"#83\">85 &#8211; Vend\u00e9e<\/option><option value=\"#84\">86 &#8211; Vienne<\/option><option value=\"#85\">87 &#8211; Haute-Vienne<\/option><option value=\"#86\">88 &#8211; Vosges<\/option><option value=\"#87\">89 &#8211; Yonne<\/option><option value=\"#88\">90 &#8211; Territoire de Belfort<\/option><option value=\"#89\">91 &#8211; Essonne<\/option><option value=\"#90\">92 &#8211; Hauts-de-Seine<\/option><option value=\"#91\">93 &#8211; Seine-Saint-Denis<\/option><option value=\"#92\">94 &#8211; Val-de-Marne<\/option><option value=\"#93\">95 &#8211; Val-d&rsquo;Oise<\/option><\/select><\/p>\n<p>Contacter votre pr\u00e9fecture pour obtenir toutes les informations sur votre permis de conduire.<\/p>\n<p>[\/et_pb_text][et_pb_text admin_label=\u00a0\u00bbTexte\u00a0\u00bb background_layout=\u00a0\u00bblight\u00a0\u00bb text_orientation=\u00a0\u00bbleft\u00a0\u00bb use_border_color=\u00a0\u00bboff\u00a0\u00bb border_color=\u00a0\u00bb#ffffff\u00a0\u00bb border_style=\u00a0\u00bbsolid\u00a0\u00bb custom_margin=\u00a0\u00bb20px|||\u00a0\u00bb]<\/p>\n<h2><a id=\"01\"><\/a>01 Pr\u00e9fecture Ain<\/h2>\n<p>45, av. d\u2019Alsace Lorraine 01012<br \/>\nBOURG-EN-BRESSE CEDEX<br \/>\nT\u00e9l. : 04 74 32 30 00<br \/>\nT\u00e9l\u00e9copie : 04 74 23 26 56<br \/>\n<img src=\"http:\/\/www.autopromo.com\/images\/graphisme\/module-info\/external.png\" alt=\"external link\" \/><a class=\"external\" href=\"http:\/\/www.ain.pref.gouv.fr\/\" target=\"_blank\">Site internet pr\u00e9fecture Ain<\/a><\/p>\n<h2><a id=\"02\"><\/a>02 Pr\u00e9fecture Aisne<\/h2>\n<p>2, rue Paul Doumer<br \/>\n02010 LAON CEDEX<br \/>\nT\u00e9l. : 03 23 21 82 82<br \/>\nT\u00e9l\u00e9copie : 03 23 20 69 58<br \/>\n<img src=\"http:\/\/www.autopromo.com\/images\/graphisme\/module-info\/external.png\" alt=\"external link\" \/><a class=\"external\" href=\"http:\/\/www.aisne.pref.gouv.fr\/\" target=\"_blank\">Site internet pr\u00e9fecture Aisne<\/a><\/p>\n<h2><a id=\"03\"><\/a>03 Pr\u00e9fecture Allier<\/h2>\n<p>2, rue Michel de l\u2019H\u00f4pital<br \/>\n03016 MOULINS CEDEX<br \/>\nT\u00e9l. : 04 70 48 30 00<br \/>\nT\u00e9l\u00e9copie : 04 70 20 57 72<br \/>\n<img src=\"http:\/\/www.autopromo.com\/images\/graphisme\/module-info\/external.png\" alt=\"external link\" \/><a class=\"external\" href=\"http:\/\/www.allier.pref.gouv.fr\/\" target=\"_blank\">Site internet pr\u00e9fecture Allier<\/a><\/p>\n<h2><a id=\"04\"><\/a>04 Pr\u00e9fecture Alpes de Haute Provence<\/h2>\n<p>8, rue du Dr Romieu<br \/>\n04016 DIGNE CEDEX<br \/>\nT\u00e9l. : 04 92 36 72 00<br \/>\nT\u00e9l\u00e9copie : 04 92 31 04 32<br \/>\n<img src=\"http:\/\/www.autopromo.com\/images\/graphisme\/module-info\/external.png\" alt=\"external link\" \/><a class=\"external\" href=\"http:\/\/www.alpes-de-haute-provence.pref.gouv.fr\/\" target=\"_blank\">Site internet pr\u00e9fecture Alpes de Haute Provence<\/a><\/p>\n<h2><a id=\"05\"><\/a>05 Pr\u00e9fecture Hautes Alpes<\/h2>\n<p>28, rue Saint-Arey<br \/>\nBP 100<br \/>\n05011 GAP CEDEX<br \/>\nT\u00e9l. : 04 92 40 48 00<br \/>\nT\u00e9l\u00e9copie : 04 92 53 79 49<br \/>\n<img src=\"http:\/\/www.autopromo.com\/images\/graphisme\/module-info\/external.png\" alt=\"external link\" \/><a class=\"external\" href=\"http:\/\/www.hautes-alpes.pref.gouv.fr\/\" target=\"_blank\">Site internet pr\u00e9fecture Hautes Alpes<\/a><\/p>\n<h2><a id=\"06\"><\/a>06 Pr\u00e9fecture Alpes Maritimes<\/h2>\n<p>Centre administratif d\u00e9partemental (CADAM)<br \/>\nRte de Grenoble<br \/>\n06286 NICE CEDEX 3<br \/>\nT\u00e9l. : 04 93 72 20 00<br \/>\nT\u00e9l\u00e9copie : 04 93 71 89 20<br \/>\n<img src=\"http:\/\/www.autopromo.com\/images\/graphisme\/module-info\/external.png\" alt=\"external link\" \/><a class=\"external\" href=\"http:\/\/www.paca.pref.gouv.fr\/\" target=\"_blank\">Site internet pr\u00e9fecture Alpes Maritimes<\/a><\/p>\n<h2><a id=\"07\"><\/a>07 Pr\u00e9fecture Ard\u00e8che<\/h2>\n<p>Rue Pierre Filliat<br \/>\nBP 721<br \/>\n07007 PRIVAS CEDEX<br \/>\nT\u00e9l. : 04 75 66 50 00<br \/>\nT\u00e9l\u00e9copie : 04 75 64 03 39<br \/>\n<img src=\"http:\/\/www.autopromo.com\/images\/graphisme\/module-info\/external.png\" alt=\"external link\" \/><a class=\"external\" href=\"http:\/\/www.ardeche.pref.gouv.fr\/\" target=\"_blank\">Site internet pr\u00e9fecture Ard\u00e8che<\/a><\/p>\n<h2><a id=\"08\"><\/a>08 Pr\u00e9fecture Ardennes<\/h2>\n<p>1, place de la pr\u00e9fecture<br \/>\n08 011 Charleville-M\u00e9zi\u00e8res CEDEX<br \/>\nT\u00e9l\u00e9phone, 03.24.59.66.00<br \/>\nT\u00e9l\u00e9copie 03.24.58.35.21<br \/>\n<img src=\"http:\/\/www.autopromo.com\/images\/graphisme\/module-info\/external.png\" alt=\"external link\" \/><a class=\"external\" href=\"http:\/\/www.ardennes.pref.gouv.fr\/\" target=\"_blank\">Site internet pr\u00e9fecture Ardennes<\/a><\/p>\n<h2><a id=\"09\"><\/a>09 Pr\u00e9fecture Ari\u00e8ge<\/h2>\n<p>2, rue de la pr\u00e9fecture<br \/>\nBP 87<br \/>\n09007 FOIX CEDEX<br \/>\nT\u00e9l. : 05 61 02 10 00<br \/>\nT\u00e9l\u00e9copie : 05 61 02 74 82<br \/>\n<img src=\"http:\/\/www.autopromo.com\/images\/graphisme\/module-info\/external.png\" alt=\"external link\" \/><a class=\"external\" href=\"http:\/\/www.ariege.pref.gouv.fr\/\" target=\"_blank\">Site internet pr\u00e9fecture Ari\u00e8ge<\/a><\/p>\n<h2><a id=\"10\"><\/a>10 Pr\u00e9fecture Aube<\/h2>\n<p>Place de la Lib\u00e9ration<br \/>\nB.P. 372<br \/>\n10025 TROYES CEDEX<br \/>\nT\u00e9l. : 03 25 42 35 00<br \/>\nT\u00e9l\u00e9copie : 03 25 73 77 26<br \/>\nCourriel : prefecture@aube.pref.gouv.fr<br \/>\n<img src=\"http:\/\/www.autopromo.com\/images\/graphisme\/module-info\/external.png\" alt=\"external link\" \/><a class=\"external\" href=\"http:\/\/www.aube.pref.gouv.fr\/\" target=\"_blank\">Site internet pr\u00e9fecture Aube<\/a><\/p>\n<h2><a id=\"11\"><\/a>11 Pr\u00e9fecture Aude<\/h2>\n<p>52, rue Jean Bringer<br \/>\n11012 CARCASSONNE CEDEX<br \/>\nT\u00e9l. : 04 68 10 27 01<br \/>\nT\u00e9l\u00e9copie : 04 68 10 27 00<br \/>\n<img src=\"http:\/\/www.autopromo.com\/images\/graphisme\/module-info\/external.png\" alt=\"external link\" \/><a class=\"external\" href=\"http:\/\/www.aude.pref.gouv.fr\/\" target=\"_blank\">Site internet pr\u00e9fecture Aude<\/a><\/p>\n<h2><a id=\"12\"><\/a>12 Pr\u00e9fecture Aveyron<\/h2>\n<p>Pl. Charles de Gaulle<br \/>\n12007 RODEZ CEDEX<br \/>\nT\u00e9l. : 05 65 75 71 71<br \/>\nT\u00e9l\u00e9copie: 05 65 68 25 67<br \/>\n<img src=\"http:\/\/www.autopromo.com\/images\/graphisme\/module-info\/external.png\" alt=\"external link\" \/><a class=\"external\" href=\"http:\/\/www.aveyron.pref.gouv.fr\/\" target=\"_blank\">Site internet pr\u00e9fecture Aveyron<\/a><\/p>\n<h2><a id=\"13\"><\/a>13 Pr\u00e9fecture Bouches du Rh\u00f4ne<\/h2>\n<p>Bd Paul Peytral<br \/>\n13282 MARSEILLE CEDEX 20<br \/>\nT\u00e9l. : 04 91 15 60 00<br \/>\nT\u00e9l\u00e9copie : 04 91 15 60 70<br \/>\n<img src=\"http:\/\/www.autopromo.com\/images\/graphisme\/module-info\/external.png\" alt=\"external link\" \/><a class=\"external\" href=\"http:\/\/www.bouches-du-rhone.pref.gouv.fr\/\" target=\"_blank\">Site internet pr\u00e9fecture Bouches du Rh\u00f4ne<\/a><\/p>\n<h2><a id=\"14\"><\/a>14 Pr\u00e9fecture Calvados<\/h2>\n<p>Rue Saint-Laurent<br \/>\n14038 CAEN CEDEX<br \/>\nT\u00e9l. : 02 31 30 64 00<br \/>\nT\u00e9l\u00e9copie : 02 31 30 67 81<br \/>\n<img src=\"http:\/\/www.autopromo.com\/images\/graphisme\/module-info\/external.png\" alt=\"external link\" \/><a class=\"external\" href=\"http:\/\/www.calvados.pref.gouv.fr\/\" target=\"_blank\">Site internet pr\u00e9fecture Calvados<\/a><\/p>\n<h2><a id=\"15\"><\/a>15 Pr\u00e9fecture Cantal<\/h2>\n<p>Pl. de la Pr\u00e9fecture<br \/>\nBP 529<br \/>\n15005 AURILLAC<br \/>\nT\u00e9l. : 04 71 46 23 00<br \/>\nT\u00e9l\u00e9copie : 04 71 64 88 01<br \/>\n<img src=\"http:\/\/www.autopromo.com\/images\/graphisme\/module-info\/external.png\" alt=\"external link\" \/><a class=\"external\" href=\"http:\/\/www.cantal.pref.gouv.fr\/\" target=\"_blank\">Site internet pr\u00e9fecture Cantal<\/a><\/p>\n<h2><a id=\"16\"><\/a>16 Pr\u00e9fecture Charente<\/h2>\n<p>7-9, rue de la Pr\u00e9fecture<br \/>\n16017 angoul\u00eame CEDEX<br \/>\nT\u00e9l. : 05 45 97 61 00<br \/>\nT\u00e9l\u00e9copie : 05 45 97 61 16<br \/>\n<img src=\"http:\/\/www.autopromo.com\/images\/graphisme\/module-info\/external.png\" alt=\"external link\" \/><a class=\"external\" href=\"http:\/\/www.charente.pref.gouv.fr\/\" target=\"_blank\">Site internet pr\u00e9fecture Charente<\/a><\/p>\n<h2><a id=\"17\"><\/a>17 Pr\u00e9fecture Charente Maritime<\/h2>\n<p>38, rue R\u00e9aumur<br \/>\n17017 LA ROCHELLE CEDEX 01<br \/>\nT\u00e9l. : 05 46 27 43 00<br \/>\nT\u00e9l\u00e9copie : 05 46 41 10 30<br \/>\n<img src=\"http:\/\/www.autopromo.com\/images\/graphisme\/module-info\/external.png\" alt=\"external link\" \/><a class=\"external\" href=\"http:\/\/www.charente-maritime.pref.gouv.fr\/\" target=\"_blank\">Site internet pr\u00e9fecture Charente Maritime<\/a><\/p>\n<h2><a id=\"18\"><\/a>18 Pr\u00e9fecture Cher<\/h2>\n<p>Place Marcel Plaisant<br \/>\n18020 BOURGES CEDEX<br \/>\nT\u00e9l. : 02 48 67 18 18<br \/>\nT\u00e9l\u00e9copie : 02 48 70 26 67<br \/>\n<img src=\"http:\/\/www.autopromo.com\/images\/graphisme\/module-info\/external.png\" alt=\"external link\" \/><a class=\"external\" href=\"http:\/\/www.cher.pref.gouv.fr\/\" target=\"_blank\">Site internet pr\u00e9fecture Cher<\/a><\/p>\n<h2><a id=\"19\"><\/a>19 Pr\u00e9fecture Corr\u00e8ze<\/h2>\n<p>Rue Souham<br \/>\nBP 250<br \/>\n19012 TULLE CEDEX<br \/>\nT\u00e9l. : 05 55 20 55 20<br \/>\nT\u00e9l\u00e9copie : 05 55 26 82 02<br \/>\n<img src=\"http:\/\/www.autopromo.com\/images\/graphisme\/module-info\/external.png\" alt=\"external link\" \/><a class=\"external\" href=\"http:\/\/www.correze.pref.gouv.fr\/\" target=\"_blank\">Site internet pr\u00e9fecture Corr\u00e8ze<\/a><\/p>\n<h2><a id=\"2A\"><\/a>2A Pr\u00e9fecture Corse du Sud<\/h2>\n<p>Rd point du mar\u00e9chal Leclerc-de-Hauteclocque<br \/>\n20401 BASTIA CEDEX<br \/>\nT\u00e9l. : 04 95 34 50 00<br \/>\nT\u00e9l\u00e9copie : 04 95 31 64 81<br \/>\n<img src=\"http:\/\/www.autopromo.com\/images\/graphisme\/module-info\/external.png\" alt=\"external link\" \/><a class=\"external\" href=\"http:\/\/www.haute-corse.pref.gouv.fr\/\" target=\"_blank\">Site internet pr\u00e9fecture Corse du Sud<\/a><\/p>\n<h2><a id=\"2B\"><\/a>2B Pr\u00e9fecture Corse du Nord<\/h2>\n<p>Cours Napol\u00e9on et rue Sergent Casalonga<br \/>\nBP 401<br \/>\n20188 AJACCIO CEDEX<br \/>\nT\u00e9l. : 04 95 11 12 13<br \/>\nT\u00e9l\u00e9copie : 04 95 11 10 28<br \/>\n<img src=\"http:\/\/www.autopromo.com\/images\/graphisme\/module-info\/external.png\" alt=\"external link\" \/><a class=\"external\" href=\"http:\/\/www.corse.pref.gouv.fr\/\" target=\"_blank\">Site internet pr\u00e9fecture Corse du Nord<\/a><\/p>\n<h2><a id=\"21\"><\/a>21 Pr\u00e9fecture C\u00f4te d\u2019or<\/h2>\n<p>53, Rue de la Pr\u00e9fecture<br \/>\n21041 DIJON CEDEX<br \/>\nT\u00e9l. : 03 80 44 64 00<br \/>\nT\u00e9l\u00e9copie : 03 80 30 65 72<br \/>\n<img src=\"http:\/\/www.autopromo.com\/images\/graphisme\/module-info\/external.png\" alt=\"external link\" \/><a class=\"external\" href=\"http:\/\/www.cote-dor.pref.gouv.fr\/\" target=\"_blank\">Site internet pr\u00e9fecture C\u00f4te d\u2019or<\/a><\/p>\n<h2><a id=\"22\"><\/a>22 Pr\u00e9fecture C\u00f4tes d\u2019Armor<\/h2>\n<p>Place du Gal de Gaulle<br \/>\nBP 2370<br \/>\n22023 SAINT-BRIEUC CEDEX 1<br \/>\nT\u00e9l. : 02 96 62 44 22<br \/>\nT\u00e9l\u00e9copie : 02 96 62 05 75<br \/>\nM\u00e9l : courrier@cotes-darmor.pref.gouv.fr<br \/>\n<img src=\"http:\/\/www.autopromo.com\/images\/graphisme\/module-info\/external.png\" alt=\"external link\" \/><a class=\"external\" href=\"http:\/\/www.cotes-darmor.pref.gouv.fr\/\" target=\"_blank\">Site internet pr\u00e9fecture C\u00f4tes d\u2019Armor<\/a><\/p>\n<h2><a id=\"23\"><\/a>23 Pr\u00e9fecture Creuse<\/h2>\n<p>Pl. Louis Lacroq<br \/>\nBP 79<br \/>\n23011 GUERET CEDEX<br \/>\nT\u00e9l. : 05 55 51 58 00<br \/>\nT\u00e9l\u00e9copie : 05 55 52 48 61<br \/>\n<img src=\"http:\/\/www.autopromo.com\/images\/graphisme\/module-info\/external.png\" alt=\"external link\" \/><a class=\"external\" href=\"http:\/\/www.creuse.pref.gouv.fr\/\" target=\"_blank\">Site internet pr\u00e9fecture Creuse<\/a><\/p>\n<h2><a id=\"24\"><\/a>24 Pr\u00e9fecture Dordogne<\/h2>\n<p>2, rue Paul-Louis Courrier<br \/>\n24016 PERIGUEUX CEDEX<br \/>\nT\u00e9l. : 05 53 02 24 24<br \/>\nT\u00e9l\u00e9copie : 05 53 08 88 27<br \/>\n<img src=\"http:\/\/www.autopromo.com\/images\/graphisme\/module-info\/external.png\" alt=\"external link\" \/><a class=\"external\" href=\"http:\/\/www.dordogne.pref.gouv.fr\/\" target=\"_blank\">Site internet pr\u00e9fecture Dordogne<\/a><\/p>\n<h2><a id=\"25\"><\/a>25 Pr\u00e9fecture Doubs<\/h2>\n<p>8, bis rue Ch. Nodier<br \/>\n25035 Besan\u00e7on CEDEX<br \/>\nT\u00e9l. : 03 81 25 10 00<br \/>\nT\u00e9l\u00e9copie : 03 81 83 21 82<br \/>\n<img src=\"http:\/\/www.autopromo.com\/images\/graphisme\/module-info\/external.png\" alt=\"external link\" \/><a class=\"external\" href=\"http:\/\/www.doubs.pref.gouv.fr\/\" target=\"_blank\">Site internet pr\u00e9fecture Doubs<\/a><\/p>\n<h2><a id=\"26\"><\/a>26 Pr\u00e9fecture Dr\u00f4me<\/h2>\n<p>3, bd Vauban<br \/>\nBP 1040<br \/>\n26030 VALENCE CEDEX 9<br \/>\nT\u00e9l 0 821 80 30 26<br \/>\nFax : 04 75 42 87 55<br \/>\n<img src=\"http:\/\/www.autopromo.com\/images\/graphisme\/module-info\/external.png\" alt=\"external link\" \/><a class=\"external\" href=\"http:\/\/www.drome.pref.gouv.fr\/\" target=\"_blank\">Site internet pr\u00e9fecture Dr\u00f4me<\/a><\/p>\n<h2><a id=\"27\"><\/a>27 Pr\u00e9fecture Eure<\/h2>\n<p>Bd G. Chauvin<br \/>\n27022 EVREUX CEDEX<br \/>\nT\u00e9l. : 02 32 78 27 27<br \/>\nT\u00e9l\u00e9copie : 02 32 38 24 15<br \/>\n<img src=\"http:\/\/www.autopromo.com\/images\/graphisme\/module-info\/external.png\" alt=\"external link\" \/><a class=\"external\" href=\"http:\/\/www.eure.pref.gouv.fr\/\" target=\"_blank\">Site internet pr\u00e9fecture Eure<\/a><\/p>\n<h2><a id=\"28\"><\/a>28 Pr\u00e9fecture Eure et Loir<\/h2>\n<p>Pl. de la R\u00e9publique<br \/>\n28019 CHARTRES CEDEX<br \/>\nT\u00e9l. : 02 37 27 72 00<br \/>\nT\u00e9l\u00e9copie : 02 37 27 70 44<br \/>\n<img src=\"http:\/\/www.autopromo.com\/images\/graphisme\/module-info\/external.png\" alt=\"external link\" \/><a class=\"external\" href=\"http:\/\/www.eure-et-loir.pref.gouv.fr\/\" target=\"_blank\">Site internet pr\u00e9fecture Eure et Loir<\/a><\/p>\n<h2><a id=\"29\"><\/a>29 Pr\u00e9fecture Finist\u00e8re<\/h2>\n<p>40, Quai Dupleix<br \/>\n29320 QUIMPER<br \/>\nT\u00e9l. : 02 98 76 29 29<br \/>\nT\u00e9l\u00e9copie : 02 98 52 09 47<br \/>\nCourriel : courrier@finistere.pref.gouv.fr<br \/>\n<img src=\"http:\/\/www.autopromo.com\/images\/graphisme\/module-info\/external.png\" alt=\"external link\" \/><a class=\"external\" href=\"http:\/\/www.finistere.pref.gouv.fr\/\" target=\"_blank\">Site internet pr\u00e9fecture Finist\u00e8re<\/a><\/p>\n<h2><a id=\"30\"><\/a>30 Pr\u00e9fecture Gard<\/h2>\n<p>10, av. Feuch\u00e8res<br \/>\n30045 NIMES CEDEX<br \/>\nT\u00e9l. : 04 66 36 40 40<br \/>\nT\u00e9l\u00e9copie : 04 66 36 00 87<br \/>\n<img src=\"http:\/\/www.autopromo.com\/images\/graphisme\/module-info\/external.png\" alt=\"external link\" \/><a class=\"external\" href=\"http:\/\/www.gard.pref.gouv.fr\/\" target=\"_blank\">Site internet pr\u00e9fecture Gard<\/a><\/p>\n<h2><a id=\"31\"><\/a>31 Pr\u00e9fecture Haute Garonne<\/h2>\n<p>Place Saint-Etienne<br \/>\n31038 TOULOUSE CEDEX 9<br \/>\nT\u00e9l. : 05 34 45 34 45<br \/>\nT\u00e9l\u00e9copie : 05 34 45 37 38<br \/>\n<img src=\"http:\/\/www.autopromo.com\/images\/graphisme\/module-info\/external.png\" alt=\"external link\" \/><a class=\"external\" href=\"http:\/\/www.haute-garonne.pref.gouv.fr\/\" target=\"_blank\">Site internet pr\u00e9fecture Haute Garonne<\/a><\/p>\n<h2><a id=\"32\"><\/a>32 Pr\u00e9fecture Gers<\/h2>\n<p>3, place du Pr\u00e9fet Claude Erignac<br \/>\nBP 322<br \/>\n32007 AUCH CEDEX<br \/>\nT\u00e9l. : 05 62 61 44 00<br \/>\nT\u00e9l\u00e9copie : 05 62 05 47 78<br \/>\nCourriel : pref32@gers.pref.gouv.fr<br \/>\n<img src=\"http:\/\/www.autopromo.com\/images\/graphisme\/module-info\/external.png\" alt=\"external link\" \/><a class=\"external\" href=\"http:\/\/www.gers.pref.gouv.fr\/\" target=\"_blank\">Site internet pr\u00e9fecture Gers<\/a><\/p>\n<h2><a id=\"33\"><\/a>33 Pr\u00e9fecture Gironde<\/h2>\n<p>Esplanade Ch. de Gaulle<br \/>\n33077 BORDEAUX CEDEX<br \/>\nT\u00e9l. : 05 56 90 60 60<br \/>\nT\u00e9l\u00e9copie : 05 56 90 60 67<br \/>\n<img src=\"http:\/\/www.autopromo.com\/images\/graphisme\/module-info\/external.png\" alt=\"external link\" \/><a class=\"external\" href=\"http:\/\/www.gironde.pref.gouv.fr\/\" target=\"_blank\">Site internet pr\u00e9fecture Gironde<\/a><\/p>\n<h2><a id=\"34\"><\/a>34 Pr\u00e9fecture H\u00e9rault<\/h2>\n<p>34, place des Martyrs de la R\u00e9sistance<br \/>\n34062 MONTPELLIER CEDEX 02<br \/>\nT\u00e9l. : 04 67 61 61 61<br \/>\nT\u00e9l\u00e9copie : 04 67 02 25 79<br \/>\n<img src=\"http:\/\/www.autopromo.com\/images\/graphisme\/module-info\/external.png\" alt=\"external link\" \/><a class=\"external\" href=\"http:\/\/www.herault.pref.gouv.fr\/\" target=\"_blank\">Site internet pr\u00e9fecture H\u00e9rault<\/a><\/p>\n<h2><a id=\"35\"><\/a>35 Pr\u00e9fecture Ille et Vilaine<\/h2>\n<p>3, av. de la Pr\u00e9fecture<br \/>\n35026 RENNES CEDEX 9<br \/>\nT\u00e9l. : 02 99 02 10 35<br \/>\nT\u00e9l\u00e9copie : 02 99 02 10 15<br \/>\n<img src=\"http:\/\/www.autopromo.com\/images\/graphisme\/module-info\/external.png\" alt=\"external link\" \/><a class=\"external\" href=\"http:\/\/www.bretagne.pref.gouv.fr\/\" target=\"_blank\">Site internet pr\u00e9fecture Ille et Vilaine<\/a><\/p>\n<h2><a id=\"36\"><\/a>36 Pr\u00e9fecture Indre<\/h2>\n<p>Place de la Victoire et des Alli\u00e9s<br \/>\nBP 583<br \/>\n36019 CH\u00e2teauroux cedex<br \/>\nT\u00e9l. : 02 54 29 50 00<br \/>\nT\u00e9l\u00e9copie : 02 54 34 10 08<br \/>\n<img src=\"http:\/\/www.autopromo.com\/images\/graphisme\/module-info\/external.png\" alt=\"external link\" \/><a class=\"external\" href=\"http:\/\/www.indre.pref.gouv.fr\/\" target=\"_blank\">Site internet pr\u00e9fecture Indre<\/a><\/p>\n<h2><a id=\"37\"><\/a>37 Pr\u00e9fecture Indre et Loire<\/h2>\n<p>Pr\u00e9fecture d\u2019Indre-et-Loire<br \/>\n37925 TOURS CEDEX 9<br \/>\nT\u00e9l. : 0821 80 30 37<br \/>\n<img src=\"http:\/\/www.autopromo.com\/images\/graphisme\/module-info\/external.png\" alt=\"external link\" \/><a class=\"external\" href=\"http:\/\/www.indre-et-loire.pref.gouv.fr\/\" target=\"_blank\">Site internet pr\u00e9fecture Indre et Loire<\/a><\/p>\n<h2><a id=\"38\"><\/a>38 Pr\u00e9fecture Is\u00e8re<\/h2>\n<p>Place de Verdun \u2013 B.P. 1046<br \/>\n38021 GRENOBLE CEDEX 01<br \/>\nT\u00e9l. : 04 76 60 34 00<br \/>\nT\u00e9l\u00e9copie : 04 76 51 34 88<br \/>\n<img src=\"http:\/\/www.autopromo.com\/images\/graphisme\/module-info\/external.png\" alt=\"external link\" \/><a class=\"external\" href=\"http:\/\/www.isere.pref.gouv.fr\/\" target=\"_blank\">Site internet pr\u00e9fecture Is\u00e8re<\/a><\/p>\n<h2><a id=\"39\"><\/a>39 Pr\u00e9fecture Jura Lons<\/h2>\n<p>55, rue Saint-D\u00e9sir\u00e9<br \/>\n39021 LONS-LE-SAUNIER<br \/>\nT\u00e9l. : 03 84 86 84 00<br \/>\nT\u00e9l\u00e9copie : 03 84 24 71 29<br \/>\nE-mail : pref39@jura.pref.gouv.fr<br \/>\n<img src=\"http:\/\/www.autopromo.com\/images\/graphisme\/module-info\/external.png\" alt=\"external link\" \/><a class=\"external\" href=\"http:\/\/www.jura.pref.gouv.fr\/\" target=\"_blank\">Site internet pr\u00e9fecture Jura Lons<\/a><\/p>\n<h2><a id=\"40\"><\/a>40 Pr\u00e9fecture Landes<\/h2>\n<p>24-26, rue Victor Hugo<br \/>\n40021 MONT-DE-MARSAN CEDEX<br \/>\nT\u00e9l. : 05 58 06 58 06<br \/>\nT\u00e9l\u00e9copie : 05 58 75 83 81<br \/>\n<img src=\"http:\/\/www.autopromo.com\/images\/graphisme\/module-info\/external.png\" alt=\"external link\" \/><a class=\"external\" href=\"http:\/\/www.landes.pref.gouv.fr\/\" target=\"_blank\">Site internet pr\u00e9fecture Landes<\/a><\/p>\n<h2><a id=\"41\"><\/a>41 Pr\u00e9fecture Loir et Cher<\/h2>\n<p>1, Place de la R\u00e9publique<br \/>\n41018 BLOIS CEDEX<br \/>\nT\u00e9l. : 02 54 81 54 81<br \/>\nT\u00e9l\u00e9copie : 02 54 78 14 69<br \/>\n<img src=\"http:\/\/www.autopromo.com\/images\/graphisme\/module-info\/external.png\" alt=\"external link\" \/><a class=\"external\" href=\"http:\/\/www.loir-et-cher.pref.gouv.fr\/\" target=\"_blank\">Site internet pr\u00e9fecture Loir et Cher<\/a><\/p>\n<h2><a id=\"42\"><\/a>42 Pr\u00e9fecture Loire<\/h2>\n<p>2, rue Charles de Gaulle<br \/>\n42022 SAINT-ETIENNE CEDEX 1<br \/>\nT\u00e9l. : 04 77 48 48 48<br \/>\nT\u00e9l\u00e9copie : 04 77 21 72 22<br \/>\n<img src=\"http:\/\/www.autopromo.com\/images\/graphisme\/module-info\/external.png\" alt=\"external link\" \/><a class=\"external\" href=\"http:\/\/www.loire.pref.gouv.fr\/\" target=\"_blank\">Site internet pr\u00e9fecture Loire<\/a><\/p>\n<h2><a id=\"43\"><\/a>43 Pr\u00e9fecture Haute Loire<\/h2>\n<p>6, av. du Gal de Gaulle<br \/>\nBP 321<br \/>\n43011 LE PUY-EN-VELAY CEDEX<br \/>\nT\u00e9l. : 04 71 09 43 43<br \/>\nT\u00e9l\u00e9copie : 04 71 09 78 40<br \/>\n<img src=\"http:\/\/www.autopromo.com\/images\/graphisme\/module-info\/external.png\" alt=\"external link\" \/><a class=\"external\" href=\"http:\/\/www.haute-loire.pref.gouv.fr\/\" target=\"_blank\">Site internet pr\u00e9fecture Haute Loire<\/a><\/p>\n<h2><a id=\"44\"><\/a>44 Pr\u00e9fecture Loire Atlantique<\/h2>\n<p>6, quai Ceineray<br \/>\nBP 33515<br \/>\n44035 NANTES Cedex 1<br \/>\nT\u00e9l : 02 40 41 20 20<br \/>\nT\u00e9l\u00e9copie 02 40 41 20 25<br \/>\n<img src=\"http:\/\/www.autopromo.com\/images\/graphisme\/module-info\/external.png\" alt=\"external link\" \/><a class=\"external\" href=\"http:\/\/www.loire-atlantique.pref.gouv.fr\/\" target=\"_blank\">Site internet pr\u00e9fecture Loire Atlantique<\/a><\/p>\n<h2><a id=\"45\"><\/a>45 Pr\u00e9fecture Loiret<\/h2>\n<p>181, rue de Bourgogne<br \/>\n45042 ORLEANS CEDEX<br \/>\nT\u00e9l. : 02 38 81 40 00<br \/>\nT\u00e9l\u00e9copie : 02 38 53 32 48<br \/>\n<img src=\"http:\/\/www.autopromo.com\/images\/graphisme\/module-info\/external.png\" alt=\"external link\" \/><a class=\"external\" href=\"http:\/\/www.loiret.pref.gouv.fr\/\" target=\"_blank\">Site internet pr\u00e9fecture Loiret<\/a><\/p>\n<h2><a id=\"46\"><\/a>46 Pr\u00e9fecture Lot<\/h2>\n<p>Pr\u00e9fet : Mme Marcelle PIERROT (26 \/02\/2007)<br \/>\nSecr\u00e9taire g\u00e9n\u00e9ral : Jean-Christophe PARISOT (01\/09\/2008)<br \/>\nDirecteur de cabinet (en remplacement de directeur des services du cabinet) : Guillaume QUENET (01\/09\/2008)<br \/>\nPlace Chapou<br \/>\n46009 CAHORS CEDEX<br \/>\nT\u00e9l. : 05 63 23 10 00<br \/>\n<img src=\"http:\/\/www.autopromo.com\/images\/graphisme\/module-info\/external.png\" alt=\"external link\" \/><a class=\"external\" href=\"http:\/\/www.lot.pref.gouv.fr\/\" target=\"_blank\">Site internet pr\u00e9fecture Lot<\/a><\/p>\n<h2><a id=\"47\"><\/a>47\u00a0Pr\u00e9fecture Lot et Garonne<\/h2>\n<p>Place de Verdun<br \/>\n47920 AGEN CEDEX 9<br \/>\nT\u00e9l. : 05 53 77 60 47<br \/>\nT\u00e9l\u00e9copie : 05 53 98 33 40<br \/>\nServeur vocal : 05 53 77 61 47<br \/>\n<img src=\"http:\/\/www.autopromo.com\/images\/graphisme\/module-info\/external.png\" alt=\"external link\" \/><a class=\"external\" href=\"http:\/\/www.lot-et-garonne.pref.gouv.fr\/\" target=\"_blank\">Site internet pr\u00e9fecture Lot et Garonne<\/a><\/p>\n<h2><a id=\"48\"><\/a>48 Pr\u00e9fecture Loz\u00e8re<\/h2>\n<p>Rue de la Rov\u00e8re<br \/>\n48005 MENDE CEDEX<br \/>\nT\u00e9l. : 04 66 49 60 00<br \/>\nT\u00e9l\u00e9copie : 04 66 49 17 23<br \/>\n<img src=\"http:\/\/www.autopromo.com\/images\/graphisme\/module-info\/external.png\" alt=\"external link\" \/><a class=\"external\" href=\"http:\/\/www.lozere.pref.gouv.fr\/\" target=\"_blank\">Site internet pr\u00e9fecture Loz\u00e8re<\/a><\/p>\n<h2><a id=\"49\"><\/a>49 Pr\u00e9fecture Maine et Loire<\/h2>\n<p>Place Michel Debr\u00e9 \u2013 49934 Angers cedex 9<br \/>\nT\u00e9l. : 02 41 81 81 81<br \/>\nT\u00e9l\u00e9copie : 02 41 88 04 63<br \/>\n<img src=\"http:\/\/www.autopromo.com\/images\/graphisme\/module-info\/external.png\" alt=\"external link\" \/><a class=\"external\" href=\"http:\/\/www.maine-et-loire.pref.gouv.fr\/\" target=\"_blank\">Site internet pr\u00e9fecture Maine et Loire<\/a><\/p>\n<h2><a id=\"50\"><\/a>50 Pr\u00e9fecture Manche<\/h2>\n<p>Place de la Pr\u00e9fecture<br \/>\n50 009 SAINT-L\u00d4 Cedex<br \/>\nT\u00e9l. : 02 33 75 49 50<br \/>\nT\u00e9l\u00e9copie : 02 33 57 36 66<br \/>\nM\u00e9l : prefecture.st-lo@manche.pref.gouv.fr<br \/>\n<img src=\"http:\/\/www.autopromo.com\/images\/graphisme\/module-info\/external.png\" alt=\"external link\" \/><a class=\"external\" href=\"http:\/\/www.manche.pref.gouv.fr\/\" target=\"_blank\">Site internet pr\u00e9fecture Manche<\/a><\/p>\n<h2><a id=\"51\"><\/a>51 Pr\u00e9fecture Marne<\/h2>\n<p>1, rue Jessaint<br \/>\n51036 CH\u00c2LONS-EN-CHAMPAGNE<br \/>\nT\u00e9l. : 03 26 26 10 10<br \/>\nT\u00e9l\u00e9copie : 03 26 26 12 03<br \/>\n<img src=\"http:\/\/www.autopromo.com\/images\/graphisme\/module-info\/external.png\" alt=\"external link\" \/><a class=\"external\" href=\"http:\/\/www.marne.pref.gouv.fr\/\" target=\"_blank\">Site internet pr\u00e9fecture Marne<\/a><\/p>\n<h2><a id=\"52\"><\/a>52 Pr\u00e9fecture Haute Marne<\/h2>\n<p>89, rue de la Victoire de la Marne<br \/>\n52011 CHAUMONT CEDEX<br \/>\nT\u00e9l. : 03 25 30 52 52<br \/>\nT\u00e9l\u00e9copie : 03 25 32 01 26<br \/>\n<img src=\"http:\/\/www.autopromo.com\/images\/graphisme\/module-info\/external.png\" alt=\"external link\" \/><a class=\"external\" href=\"http:\/\/www.haute-marne.pref.gouv.fr\/\" target=\"_blank\">Site internet pr\u00e9fecture Haute Marne<\/a><\/p>\n<h2><a id=\"53\"><\/a>53 Pr\u00e9fecture Mayenne<\/h2>\n<p>46, rue Mazagran<br \/>\nBP 1507<br \/>\n53015 LAVAL CEDEX<br \/>\nT\u00e9l. : 02 43 01 50 00<br \/>\nT\u00e9l\u00e9copie : 02 43 56 72 85<br \/>\n<img src=\"http:\/\/www.autopromo.com\/images\/graphisme\/module-info\/external.png\" alt=\"external link\" \/><a class=\"external\" href=\"http:\/\/www.mayenne.pref.gouv.fr\/\" target=\"_blank\">Site internet pr\u00e9fecture Mayenne<\/a><\/p>\n<h2><a id=\"54\"><\/a>54 Pr\u00e9fecture Meurthe et Moselle<\/h2>\n<p>1, rue Pr\u00e9fet Claude Erignac<br \/>\n54016 NANCY Cedex<br \/>\nT\u00e9l. : 03 83 34 26 26<br \/>\nT\u00e9l\u00e9copie : 03 83 30 52 34<br \/>\n<img src=\"http:\/\/www.autopromo.com\/images\/graphisme\/module-info\/external.png\" alt=\"external link\" \/><a class=\"external\" href=\"http:\/\/www.meurthe-et-moselle.pref.gouv.fr\/\" target=\"_blank\">Site internet pr\u00e9fecture Meurthe et Moselle<\/a><\/p>\n<h2><a id=\"55\"><\/a>55 Pr\u00e9fecture Meuse<\/h2>\n<p>40, rue du Bourg<br \/>\n55012 BAR-LE-DUC CEDEX<br \/>\nT\u00e9l. : 03 29 77 55 55<br \/>\nT\u00e9l\u00e9copie : 03 29 79 64 49<br \/>\n<img src=\"http:\/\/www.autopromo.com\/images\/graphisme\/module-info\/external.png\" alt=\"external link\" \/><a class=\"external\" href=\"http:\/\/www.meuse.pref.gouv.fr\/\" target=\"_blank\">Site internet pr\u00e9fecture Meuse<\/a><\/p>\n<h2><a id=\"56\"><\/a>56 Pr\u00e9fecture Morbihan<\/h2>\n<p>Place du Gal de Gaulle<br \/>\n56019 VANNES CEDEX<br \/>\nT\u00e9l. : 02 97 54 84 00<br \/>\nT\u00e9l\u00e9copie : 02 97 42 59 45<br \/>\n<img src=\"http:\/\/www.autopromo.com\/images\/graphisme\/module-info\/external.png\" alt=\"external link\" \/><a class=\"external\" href=\"http:\/\/www.morbihan.pref.gouv.fr\/\" target=\"_blank\">Site internet pr\u00e9fecture Morbihan<\/a><\/p>\n<h2><a id=\"57\"><\/a>57 Pr\u00e9fecture Moselle<\/h2>\n<p>Place de la Pr\u00e9fecture<br \/>\n57034 METZ CEDEX<br \/>\nT\u00e9l. : 03 87 34 87 34<br \/>\nT\u00e9l\u00e9copie : 03 87 32 57 39<br \/>\n<img src=\"http:\/\/www.autopromo.com\/images\/graphisme\/module-info\/external.png\" alt=\"external link\" \/><a class=\"external\" href=\"http:\/\/www.moselle.pref.gouv.fr\/\" target=\"_blank\">Site internet pr\u00e9fecture Moselle<\/a><\/p>\n<h2><a id=\"58\"><\/a>58 Pr\u00e9fecture Ni\u00e8vre<\/h2>\n<p>40, rue de la Pr\u00e9fecture<br \/>\nBP 840<br \/>\n58019 NEVERS CEDEX<br \/>\nT\u00e9l. : 03 86 60 70 80<br \/>\nT\u00e9l\u00e9copie : 03 86 36 12 54<br \/>\nM\u00e9l : Courrier@nievre.pref.gouv.fr<br \/>\n<img src=\"http:\/\/www.autopromo.com\/images\/graphisme\/module-info\/external.png\" alt=\"external link\" \/><a class=\"external\" href=\"http:\/\/www.nievre.pref.gouv.fr\/\" target=\"_blank\">Site internet pr\u00e9fecture Ni\u00e8vre<\/a><\/p>\n<h2><a id=\"59\"><\/a>59 Pr\u00e9fecture Nord<\/h2>\n<p>Place de la R\u00e9publique<br \/>\n2, rue Jacquemars Gi\u00e9l\u00e9e et 12-14 rue Jean sans Peur<br \/>\n59039 LILLE CEDEX<br \/>\nT\u00e9l. : 03 20 30 59 59<br \/>\nT\u00e9l\u00e9copie : 03 20 57 08 02<br \/>\n<img src=\"http:\/\/www.autopromo.com\/images\/graphisme\/module-info\/external.png\" alt=\"external link\" \/><a class=\"external\" href=\"http:\/\/www.nord.pref.gouv.fr\/\" target=\"_blank\">Site internet pr\u00e9fecture Nord<\/a><\/p>\n<h2><a id=\"60\"><\/a>60 Pr\u00e9fecture Oise<\/h2>\n<p>1, place de la Pr\u00e9fecture<br \/>\n60022 BEAUVAIS CEDEX<br \/>\nT\u00e9l. : 03 44 06 12 34<br \/>\nT\u00e9l\u00e9copie : 03 44 45 39 00<br \/>\n<img src=\"http:\/\/www.autopromo.com\/images\/graphisme\/module-info\/external.png\" alt=\"external link\" \/><a class=\"external\" href=\"http:\/\/www.oise.pref.gouv.fr\/\" target=\"_blank\">Site internet pr\u00e9fecture Oise<\/a><\/p>\n<h2><a id=\"61\"><\/a>61 Pr\u00e9fecture Orne<\/h2>\n<p>39, rue St-Blaise<br \/>\n61019 ALEN\u00c7ON CEDEX<br \/>\nT\u00e9l. : 02 33 80 61 61<br \/>\nT\u00e9l\u00e9copie : 02 33 80 61 65<br \/>\n<img src=\"http:\/\/www.autopromo.com\/images\/graphisme\/module-info\/external.png\" alt=\"external link\" \/><a class=\"external\" href=\"http:\/\/www.orne.pref.gouv.fr\/\" target=\"_blank\">Site internet pr\u00e9fecture Orne<\/a><\/p>\n<h2><a id=\"62\"><\/a>62 Pr\u00e9fecture Pas de Calais<\/h2>\n<p>Rue Ferdinand Buisson<br \/>\n62020 ARRAS CEDEX 09<br \/>\nT\u00e9l. : 03 21 21 20 00<br \/>\nT\u00e9l\u00e9copie : 03 21 55 30 30<br \/>\n<img src=\"http:\/\/www.autopromo.com\/images\/graphisme\/module-info\/external.png\" alt=\"external link\" \/><a class=\"external\" href=\"http:\/\/www.pas-de-calais.pref.gouv.fr\/\" target=\"_blank\">Site internet pr\u00e9fecture Pas de Calais<\/a><\/p>\n<h2><a id=\"63\"><\/a>63 Pr\u00e9fecture Puy de d\u00f4me<\/h2>\n<p>18, Bd Desaix<br \/>\n63033 CLERMONT-FERRAND CEDEX 01<br \/>\nT\u00e9l. : 04 73 98 63 63<br \/>\nT\u00e9l\u00e9copie : 04 73 98 61 00<br \/>\n<img src=\"http:\/\/www.autopromo.com\/images\/graphisme\/module-info\/external.png\" alt=\"external link\" \/><a class=\"external\" href=\"http:\/\/www.auvergne.pref.gouv.fr\/\" target=\"_blank\">Site internet pr\u00e9fecture Puy de d\u00f4me<\/a><\/p>\n<h2><a id=\"64\"><\/a>64 Pr\u00e9fecture Pyr\u00e9n\u00e9es-Atlantiques<\/h2>\n<p>2, rue Mar\u00e9chal Joffre<br \/>\n64021 PAU CEDEX<br \/>\nT\u00e9l. : 05 59 98 24 24<br \/>\nT\u00e9l\u00e9copie : 05 59 98 24 99<br \/>\n<img src=\"http:\/\/www.autopromo.com\/images\/graphisme\/module-info\/external.png\" alt=\"external link\" \/><a class=\"external\" href=\"http:\/\/www.pyrenees-atlantiques.pref.gouv.fr\/\" target=\"_blank\">Site internet pr\u00e9fecture Pyr\u00e9n\u00e9es-Atlantiques<\/a><\/p>\n<h2><a id=\"65\"><\/a>65 Pr\u00e9fecture Hautes Pyr\u00e9n\u00e9es<\/h2>\n<p>Place Charles de Gaulle \u2013 Rue des Ursulines<br \/>\n65013 TARBES CEDEX<br \/>\nT\u00e9l. : 05 62 56 65 65<br \/>\nT\u00e9l\u00e9copie : 05 62 51 20 10<br \/>\n<img src=\"http:\/\/www.autopromo.com\/images\/graphisme\/module-info\/external.png\" alt=\"external link\" \/><a class=\"external\" href=\"http:\/\/www.hautes-pyrenees.pref.gouv.fr\/\" target=\"_blank\">Site internet pr\u00e9fecture Hautes Pyr\u00e9n\u00e9es<\/a><\/p>\n<h2><a id=\"66\"><\/a>66 Pr\u00e9fecture Pyr\u00e9n\u00e9es Orientales<\/h2>\n<p>24, Quai Sadi Carnot<br \/>\n66951 PERPIGNAN CEDEX<br \/>\nT\u00e9l. : 04 68 51 66 66<br \/>\nT\u00e9l\u00e9copie : 04 68 34 68 51<br \/>\n<img src=\"http:\/\/www.autopromo.com\/images\/graphisme\/module-info\/external.png\" alt=\"external link\" \/><a class=\"external\" href=\"http:\/\/www.pyrenees-orientales.pref.gouv.fr\/\" target=\"_blank\">Site internet pr\u00e9fecture Pyr\u00e9n\u00e9es Orientales<\/a><\/p>\n<h2><a id=\"67\"><\/a>67 Pr\u00e9fecture Bas Rhin<\/h2>\n<p>Petit Broglie 5 Place de la R\u00e9publique<br \/>\n67073 STRASBOURG CEDEX<br \/>\nT\u00e9l. : 03 88 21 67 68<br \/>\nT\u00e9l\u00e9copie : 03 88 25 64 98<br \/>\n<img src=\"http:\/\/www.autopromo.com\/images\/graphisme\/module-info\/external.png\" alt=\"external link\" \/><a class=\"external\" href=\"http:\/\/www.bas-rhin.pref.gouv.fr\/\" target=\"_blank\">Site internet pr\u00e9fecture Bas Rhin<\/a><\/p>\n<h2><a id=\"68\"><\/a>68 Pr\u00e9fecture Haut Rhin<\/h2>\n<p>7, rue Bruat<br \/>\nB.P. 489<br \/>\n68020 COLMAR CEDEX<br \/>\nT\u00e9l. : 03 89 29 20 00<br \/>\nT\u00e9l\u00e9copie : 03 89 23 36 61<br \/>\n<img src=\"http:\/\/www.autopromo.com\/images\/graphisme\/module-info\/external.png\" alt=\"external link\" \/><a class=\"external\" href=\"http:\/\/www.haut-rhin.pref.gouv.fr\/\" target=\"_blank\">Site internet pr\u00e9fecture Haut Rhin<\/a><\/p>\n<h2><a id=\"69\"><\/a>69 Pr\u00e9fecture Rh\u00f4ne<\/h2>\n<p>106, rue Pierre Corneille<br \/>\n69419 LYON CEDEX 03<br \/>\nT\u00e9l. : 04 72 61 60 60<br \/>\nT\u00e9l\u00e9copie : 04 78 60 49 38<br \/>\n<img src=\"http:\/\/www.autopromo.com\/images\/graphisme\/module-info\/external.png\" alt=\"external link\" \/><a class=\"external\" href=\"http:\/\/www.rhone.pref.gouv.fr\/\" target=\"_blank\">Site internet pr\u00e9fecture Rh\u00f4ne<\/a><\/p>\n<h2><a id=\"70\"><\/a>70 Pr\u00e9fecture Haute Sa\u00f4ne<\/h2>\n<p>1, rue de la pr\u00e9fecture<br \/>\nBP 429<br \/>\n70013 VESOUL CEDEX<br \/>\nT\u00e9l. : 03 84 77 70 00<br \/>\nT\u00e9l\u00e9copie : 03 84 76 49 60<br \/>\n<img src=\"http:\/\/www.autopromo.com\/images\/graphisme\/module-info\/external.png\" alt=\"external link\" \/><a class=\"external\" href=\"http:\/\/www.haute-saone.pref.gouv.fr\/\" target=\"_blank\">Site internet pr\u00e9fecture Haute Sa\u00f4ne<\/a><\/p>\n<h2><a id=\"71\"><\/a>71 Pr\u00e9fecture Sa\u00f4ne et Loire<\/h2>\n<p>Rue Dinet et Rue de Strasbourg<br \/>\n71021 MACON CEDEX 9<br \/>\nT\u00e9l. : 03 85 21 81 00<br \/>\nT\u00e9l\u00e9copie : 03 85 39 17 16<br \/>\n<img src=\"http:\/\/www.autopromo.com\/images\/graphisme\/module-info\/external.png\" alt=\"external link\" \/><a class=\"external\" href=\"http:\/\/www.saone-et-loire.pref.gouv.fr\/\" target=\"_blank\">Site internet pr\u00e9fecture Sa\u00f4ne et Loire<\/a><\/p>\n<h2><a id=\"72\"><\/a>72 Pr\u00e9fecture Sarthe<\/h2>\n<p>Place Aristide Briand<br \/>\n72041 LE MANS CEDEX 9<br \/>\nT\u00e9l. : 02 43 39 72 72<br \/>\nT\u00e9l\u00e9copie : 02 43 39 01 84<br \/>\n<img src=\"http:\/\/www.autopromo.com\/images\/graphisme\/module-info\/external.png\" alt=\"external link\" \/><a class=\"external\" href=\"http:\/\/www.sarthe.pref.gouv.fr\/\" target=\"_blank\">Site internet pr\u00e9fecture Sarthe<\/a><\/p>\n<h2><a id=\"73\"><\/a>73 Pr\u00e9fecture Savoie<\/h2>\n<p>Ch\u00e2teau des Ducs de Savoie<br \/>\nBP 1801 73018 CHAMBERY CEDEX<br \/>\nT\u00e9l. : 04 79 75 50 00<br \/>\nT\u00e9l\u00e9copie : 04 79 75 08 27<br \/>\n<img src=\"http:\/\/www.autopromo.com\/images\/graphisme\/module-info\/external.png\" alt=\"external link\" \/><a class=\"external\" href=\"http:\/\/www.savoie.pref.gouv.fr\/\" target=\"_blank\">Site internet pr\u00e9fecture Savoie<\/a><\/p>\n<h2><a id=\"74\"><\/a>74 Pr\u00e9fecture Haute Savoie<\/h2>\n<p>Rue du 30\u00e8me r\u00e9giment d\u2019infanterie<br \/>\nBP 2332<br \/>\n74034 ANNECY C\u00e9dex<br \/>\nT\u00e9l. : 04 50 33 60 00<br \/>\nT\u00e9l\u00e9copie : 04 50 52 90 05<br \/>\n<img src=\"http:\/\/www.autopromo.com\/images\/graphisme\/module-info\/external.png\" alt=\"external link\" \/><a class=\"external\" href=\"http:\/\/www.haute-savoie.pref.gouv.fr\/\" target=\"_blank\">Site internet pr\u00e9fecture Haute Savoie<\/a><\/p>\n<h2><a id=\"75\"><\/a>75 Pr\u00e9fecture Paris<\/h2>\n<p>29, rue Barbet de Jouy<br \/>\n75700 PARIS<br \/>\nT\u00e9l. : 01 44 42 63 75<br \/>\nT\u00e9l\u00e9copie : 01 45 55 47 02<br \/>\n<img src=\"http:\/\/www.autopromo.com\/images\/graphisme\/module-info\/external.png\" alt=\"external link\" \/><a class=\"external\" href=\"http:\/\/www.idf.pref.gouv.fr\/\" target=\"_blank\">Site internet pr\u00e9fecture Paris<\/a><\/p>\n<h2><a id=\"76\"><\/a>76 Pr\u00e9fecture Seine Maritime<\/h2>\n<p>7, place de la Madeleine<br \/>\n76036 ROUEN CEDEX<br \/>\nT\u00e9l. : 02 32 76 50 00<br \/>\nT\u00e9l\u00e9copie : 02 35 98 10 50<br \/>\n<img src=\"http:\/\/www.autopromo.com\/images\/graphisme\/module-info\/external.png\" alt=\"external link\" \/><a class=\"external\" href=\"http:\/\/www.seine-maritime.pref.gouv.fr\/\" target=\"_blank\">Site internet pr\u00e9fecture Seine Maritime<\/a><\/p>\n<h2><a id=\"77\"><\/a>77 Pr\u00e9fecture Seine et Marne<\/h2>\n<p>Place de la Pr\u00e9fecture<br \/>\n77010 MELUN CEDEX<br \/>\nT\u00e9l. : 01 64 71 77 77<br \/>\nT\u00e9l\u00e9copie : 01 64 37 10 35<br \/>\n<img src=\"http:\/\/www.autopromo.com\/images\/graphisme\/module-info\/external.png\" alt=\"external link\" \/><a class=\"external\" href=\"http:\/\/www.seine-et-marne.pref.gouv.fr\/\" target=\"_blank\">Site internet pr\u00e9fecture Seine et Marne<\/a><\/p>\n<h2><a id=\"78\"><\/a>78 Pr\u00e9fecture Yvelines<\/h2>\n<p>1, rue Jean Houdon et avenue de l\u2019Europe<br \/>\n78010 VERSAILLES CEDEX<br \/>\nT\u00e9l. : 01 39 49 78 00<br \/>\nT\u00e9l\u00e9copie : 01 39 49 45 91<br \/>\n<img src=\"http:\/\/www.autopromo.com\/images\/graphisme\/module-info\/external.png\" alt=\"external link\" \/><a class=\"external\" href=\"http:\/\/www.yvelines.pref.gouv.fr\/\" target=\"_blank\">Site internet pr\u00e9fecture Yvelines<\/a><\/p>\n<h2><a id=\"79\"><\/a>79 Pr\u00e9fecture Deux-S\u00e8vres<\/h2>\n<p>4, rue du Guesclin<br \/>\n79021 NIORT CEDEX<br \/>\nT\u00e9l. : 05 49 08 68 68<br \/>\nT\u00e9l\u00e9copie : 05 49 28 09 67<br \/>\n<img src=\"http:\/\/www.autopromo.com\/images\/graphisme\/module-info\/external.png\" alt=\"external link\" \/><a class=\"external\" href=\"http:\/\/www.deux-sevres.pref.gouv.fr\/\" target=\"_blank\">Site internet pr\u00e9fecture Deux-S\u00e8vres<\/a><\/p>\n<h2><a id=\"80\"><\/a>80 Pr\u00e9fecture Somme<\/h2>\n<p>51, rue de la R\u00e9publique<br \/>\n80020 AMIENS CEDEX<br \/>\nT\u00e9l. : 03 22 97 80 80 \u2013 0821 80 30 80<br \/>\nT\u00e9l\u00e9copie : 03 22 92 13 98<br \/>\n<img src=\"http:\/\/www.autopromo.com\/images\/graphisme\/module-info\/external.png\" alt=\"external link\" \/><a class=\"external\" href=\"http:\/\/www.somme.pref.gouv.fr\/\" target=\"_blank\">Site internet pr\u00e9fecture Somme<\/a><\/p>\n<h2><a id=\"81\"><\/a>81 Pr\u00e9fecture Tarn<\/h2>\n<p>Place de la Pr\u00e9fecture<br \/>\n81013 ALBI CEDEX<br \/>\nT\u00e9l. : 05 63 45 61 61<br \/>\nT\u00e9l\u00e9copie : 05 63 45 60 20<br \/>\n<img src=\"http:\/\/www.autopromo.com\/images\/graphisme\/module-info\/external.png\" alt=\"external link\" \/><a class=\"external\" href=\"http:\/\/www.tarn.pref.gouv.fr\/\" target=\"_blank\">Site internet pr\u00e9fecture Tarn<\/a><\/p>\n<h2><a id=\"82\"><\/a>82 Pr\u00e9fecture Tarn et Garonne<\/h2>\n<p>2 boulevard Midi-Pyr\u00e9n\u00e9es<br \/>\nBP 779<br \/>\n82 013 Montauban Cedex<br \/>\nt\u00e9l : 05 63 22 82 00<br \/>\nT\u00e9l\u00e9copie : 05 63 93 33 79<br \/>\n<img src=\"http:\/\/www.autopromo.com\/images\/graphisme\/module-info\/external.png\" alt=\"external link\" \/><a class=\"external\" href=\"http:\/\/www.tarn-et-garonne.pref.gouv.fr\/\" target=\"_blank\">Site internet pr\u00e9fecture Tarn et Garonne<\/a><\/p>\n<h2><a id=\"83\"><\/a>83 Pr\u00e9fecture Var<\/h2>\n<p>Bd du 112\u00e8me r\u00e9giment d\u2019Infanterie Quartier les Lices<br \/>\n83070 TOULON CEDEX<br \/>\nT\u00e9l. : 04 94 18 83 83<br \/>\n<img src=\"http:\/\/www.autopromo.com\/images\/graphisme\/module-info\/external.png\" alt=\"external link\" \/><a class=\"external\" href=\"http:\/\/www.var.pref.gouv.fr\/\" target=\"_blank\">Site internet pr\u00e9fecture Var<\/a><\/p>\n<h2><a id=\"84\"><\/a>84 Pr\u00e9fecture Vaucluse<\/h2>\n<p>Ancienne Caserne Chabran<br \/>\n28 boulevard Limbert<br \/>\n84905 AVIGNON CEDEX 9<br \/>\nT\u00e9l. : 04 88 17 84 84<br \/>\nT\u00e9l\u00e9copie : 04 90 86 20 76<br \/>\n<img src=\"http:\/\/www.autopromo.com\/images\/graphisme\/module-info\/external.png\" alt=\"external link\" \/><a class=\"external\" href=\"http:\/\/www.vaucluse.pref.gouv.fr\/\" target=\"_blank\">Site internet pr\u00e9fecture Vaucluse<\/a><\/p>\n<h2><a id=\"85\"><\/a>85 Pr\u00e9fecture Vend\u00e9e<\/h2>\n<p>29, rue Delille<br \/>\n85022 LA ROCHE SUR YON CEDEX<br \/>\nT\u00e9l. : 02 51 36 70 85<br \/>\nT\u00e9l\u00e9copie : 02 51 05 51 38<br \/>\n<img src=\"http:\/\/www.autopromo.com\/images\/graphisme\/module-info\/external.png\" alt=\"external link\" \/><a class=\"external\" href=\"http:\/\/www.vendee.pref.gouv.fr\/\" target=\"_blank\">Site internet pr\u00e9fecture Vend\u00e9e<\/a><\/p>\n<h2><a id=\"86\"><\/a>86 Pr\u00e9fecture Vienne<\/h2>\n<p>Place A. Briand<br \/>\nB.P. 589 86021 POITIERS CEDEX<br \/>\nT\u00e9l. : 05 49 55 70 00<br \/>\nT\u00e9l\u00e9copie : 05 49 88 25 34<br \/>\n<img src=\"http:\/\/www.autopromo.com\/images\/graphisme\/module-info\/external.png\" alt=\"external link\" \/><a class=\"external\" href=\"http:\/\/www.vienne.pref.gouv.fr\/\" target=\"_blank\">Site internet pr\u00e9fecture Vienne<\/a><\/p>\n<h2><a id=\"87\"><\/a>87 Pr\u00e9fecture Haute-Vienne<\/h2>\n<p>1, rue de la Pr\u00e9fecture \u2013 B.P. 87031<br \/>\n87031 LIMOGES Cedex 1<br \/>\nT\u00e9l. : 05.55.44.18.00<br \/>\nT\u00e9l\u00e9copie : 05.55.44.17.54<br \/>\n<img src=\"http:\/\/www.autopromo.com\/images\/graphisme\/module-info\/external.png\" alt=\"external link\" \/><a class=\"external\" href=\"http:\/\/www.haute-vienne.pref.gouv.fr\/\" target=\"_blank\">Site internet pr\u00e9fecture Haute-Vienne<\/a><\/p>\n<h2><a id=\"88\"><\/a>88 Pr\u00e9fecture Vosges<\/h2>\n<p>Place Foch<br \/>\n88026 EPINAL CEDEX<br \/>\nT\u00e9l. : 03 29 69 88 88<br \/>\nT\u00e9l\u00e9copie : 03 29 82 42 15<br \/>\n<img src=\"http:\/\/www.autopromo.com\/images\/graphisme\/module-info\/external.png\" alt=\"external link\" \/><a class=\"external\" href=\"http:\/\/www.vosges.pref.gouv.fr\/\" target=\"_blank\">Site internet pr\u00e9fecture Vosges<\/a><\/p>\n<h2><a id=\"89\"><\/a>89 Pr\u00e9fecture Yonne<\/h2>\n<p>Place de la Pr\u00e9fecture<br \/>\n89016 AUXERRE CEDEX<br \/>\nT\u00e9l. : 03 86 72 79 89<br \/>\nT\u00e9l\u00e9copie : 03 86 51 02 48<br \/>\n<img src=\"http:\/\/www.autopromo.com\/images\/graphisme\/module-info\/external.png\" alt=\"external link\" \/><a class=\"external\" href=\"http:\/\/www.yonne.pref.gouv.fr\/\" target=\"_blank\">Site internet pr\u00e9fecture Yonne<\/a><\/p>\n<h2><a id=\"90\"><\/a>90 Pr\u00e9fecture Territoire de Belfort<\/h2>\n<p>Place de la R\u00e9publique<br \/>\n90020 BELFORT CEDEX<br \/>\nT\u00e9l. : 03 84 57 00 07<br \/>\nT\u00e9l\u00e9copie : 03 84 21 32 62<br \/>\n<img src=\"http:\/\/www.autopromo.com\/images\/graphisme\/module-info\/external.png\" alt=\"external link\" \/><a class=\"external\" href=\"http:\/\/www.territoire-de-belfort.pref.gouv.fr\/\" target=\"_blank\">Site internet pr\u00e9fecture Territoire de Belfort<\/a><\/p>\n<h2><a id=\"91\"><\/a>91 Pr\u00e9fecture Essonne<\/h2>\n<p>Boulevard de France<br \/>\n91010<br \/>\nEVRY CEDEX<br \/>\nT\u00e9l. : 01 69 91 91 91<br \/>\nT\u00e9l\u00e9copie : 01 64 97 00 23<br \/>\n<img src=\"http:\/\/www.autopromo.com\/images\/graphisme\/module-info\/external.png\" alt=\"external link\" \/><a class=\"external\" href=\"http:\/\/www.essonne.pref.gouv.fr\/\" target=\"_blank\">Site internet pr\u00e9fecture Essonne<\/a><\/p>\n<h2><a id=\"92\"><\/a>92 Pr\u00e9fecture Hauts de Seine<\/h2>\n<p>167-177, Avenue Joliot Curie<br \/>\n92013 NANTERRE Cedex<br \/>\nT\u00e9l. : 0 821 80 30 92<br \/>\n<img src=\"http:\/\/www.autopromo.com\/images\/graphisme\/module-info\/external.png\" alt=\"external link\" \/><a class=\"external\" href=\"http:\/\/www.hauts-de-seine.pref.gouv.fr\/\" target=\"_blank\">Site internet pr\u00e9fecture Hauts de Seine<\/a><\/p>\n<h2><a id=\"93\"><\/a>93 Pr\u00e9fecture Seine Saint Denis<\/h2>\n<p>124, rue Carnot<br \/>\n93007 BOBIGNY CEDEX<br \/>\nT\u00e9l. : 01 41 60 60 60<br \/>\nT\u00e9l\u00e9copie : 01 48 30 22 88<br \/>\n<img src=\"http:\/\/www.autopromo.com\/images\/graphisme\/module-info\/external.png\" alt=\"external link\" \/><a class=\"external\" href=\"http:\/\/www.seine-saint-denis.pref.gouv.fr\/\" target=\"_blank\">Site internet pr\u00e9fecture Seine Saint Denis<\/a><\/p>\n<h2><a id=\"94\"><\/a>94 Pr\u00e9fecture Val de Marne<\/h2>\n<p>Avenue du G\u00e9n\u00e9ral de Gaulle<br \/>\n94011 CRETEIL CEDEX<br \/>\nT\u00e9l. : 01 49 56 60 00<br \/>\nT\u00e9l\u00e9copie : 01 49 56 60 13<br \/>\n<img src=\"http:\/\/www.autopromo.com\/images\/graphisme\/module-info\/external.png\" alt=\"external link\" \/><a class=\"external\" href=\"http:\/\/www.val-de-marne.pref.gouv.fr\/\" target=\"_blank\">Site internet pr\u00e9fecture Val de Marne<\/a><\/p>\n<h2><a id=\"95\"><\/a>95 Pr\u00e9fecture Val d\u2019oise<\/h2>\n<p>10 Avenue Bernard Hirsch<br \/>\n95010 CERGY PONTOISE CEDEX<br \/>\nT\u00e9l. : 0 821 80 30 95<br \/>\nT\u00e9l\u00e9copie : 01 30 32 51 85<br \/>\n<img src=\"http:\/\/www.autopromo.com\/images\/graphisme\/module-info\/external.png\" alt=\"external link\" \/><a class=\"external\" href=\"http:\/\/www.val-doise.pref.gouv.fr\/\" target=\"_blank\">Site internet pr\u00e9fecture Val d\u2019oise<\/a><\/p>\n<p>[\/et_pb_text][\/et_pb_column_inner][\/et_pb_row_inner][\/et_pb_column][et_pb_column type=\u00a0\u00bb1_4&Prime;][et_pb_text admin_label=\u00a0\u00bbD\u00e9partement\u00a0\u00bb global_module=\u00a0\u00bb846&Prime; saved_tabs=\u00a0\u00bball\u00a0\u00bb background_layout=\u00a0\u00bblight\u00a0\u00bb text_orientation=\u00a0\u00bbleft\u00a0\u00bb background_color=\u00a0\u00bb#6c9bc1&Prime; use_border_color=\u00a0\u00bboff\u00a0\u00bb border_color=\u00a0\u00bb#ffffff\u00a0\u00bb border_style=\u00a0\u00bbsolid\u00a0\u00bb custom_margin=\u00a0\u00bb||0px|\u00a0\u00bb custom_padding=\u00a0\u00bb10px|10px|10px|10px\u00a0\u00bb]<\/p>\n<h1><span style=\"color: #ffffff; font-size: 14pt;\">R\u00e9server un test psychotechnique<\/span><\/h1>\n<form action=\"http:\/\/citpc.fr\/tests.php\" method=\"get\"><select id=\"id\" class=\"select\" name=\"id\" onchange=\"javascript:submit();\"><option value=\"\">Votre d\u00e9partement<\/option><option value=\"1\">01 &#8211; Ain<\/option><option value=\"2\">02 &#8211; Aisne<\/option><option value=\"3\">03 &#8211; Allier<\/option><option value=\"4\">04 &#8211; Alpes-de-Haute-Provence<\/option><option value=\"5\">05 &#8211; Hautes-Alpes<\/option><option value=\"6\">06 &#8211; Alpes-Maritimes<\/option><option value=\"7\">07 &#8211; Ard\u00e8che<\/option><option value=\"8\">08 &#8211; Ardennes<\/option><option value=\"9\">09 &#8211; Ari\u00e8ge<\/option><option value=\"10\">10 &#8211; Aube<\/option><option value=\"11\">11 &#8211; Aude<\/option><option value=\"12\">12 &#8211; Aveyron<\/option><option value=\"13\">13 &#8211; Bouches-du-Rh\u00f4ne<\/option><option value=\"14\">14 &#8211; Calvados<\/option><option value=\"15\">15 &#8211; Cantal<\/option><option value=\"16\">16 &#8211; Charente<\/option><option value=\"17\">17 &#8211; Charente-Maritime<\/option><option value=\"18\">18 &#8211; Cher<\/option><option value=\"19\">19 &#8211; Corr\u00e8ze<\/option><option value=\"20\">20 &#8211; Corse (2A et 2B)<\/option><option value=\"21\">21 &#8211; C\u00f4te-d&rsquo;Or<\/option><option value=\"22\">22 &#8211; C\u00f4tes-d&rsquo;Armor<\/option><option value=\"23\">23 &#8211; Creuse<\/option><option value=\"24\">24 &#8211; Dordogne<\/option><option value=\"25\">25 &#8211; Doubs<\/option><option value=\"26\">26 &#8211; Dr\u00f4me<\/option><option value=\"27\">27 &#8211; Eure<\/option><option value=\"28\">28 &#8211; Eure-et-Loir<\/option><option value=\"29\">29 &#8211; Finist\u00e8re<\/option><option value=\"30\">30 &#8211; Gard<\/option><option value=\"31\">31 &#8211; Haute-Garonne<\/option><option value=\"32\">32 &#8211; Gers<\/option><option value=\"33\">33 &#8211; Gironde<\/option><option value=\"34\">34 &#8211; H\u00e9rault<\/option><option value=\"35\">35 &#8211; Ille-et-Vilaine<\/option><option value=\"36\">36 &#8211; Indre<\/option><option value=\"37\">37 &#8211; Indre-et-Loire<\/option><option value=\"38\">38 &#8211; Is\u00e8re<\/option><option value=\"39\">39 &#8211; Jura<\/option><option value=\"40\">40 &#8211; Landes<\/option><option value=\"41\">41 &#8211; Loir-et-Cher<\/option><option value=\"42\">42 &#8211; Loire<\/option><option value=\"43\">43 &#8211; Haute-Loire<\/option><option value=\"44\">44 &#8211; Loire-Atlantique<\/option><option value=\"45\">45 &#8211; Loiret<\/option><option value=\"46\">46 &#8211; Lot<\/option><option value=\"47\">47 &#8211; Lot-et-Garonne<\/option><option value=\"48\">48 &#8211; Loz\u00e8re<\/option><option value=\"49\">49 &#8211; Maine-et-Loire<\/option><option value=\"50\">50 &#8211; Manche<\/option><option value=\"51\">51 &#8211; Marne<\/option><option value=\"52\">52 &#8211; Haute-Marne<\/option><option value=\"53\">53 &#8211; Mayenne<\/option><option value=\"54\">54 &#8211; Meurthe-et-Moselle<\/option><option value=\"55\">55 &#8211; Meuse<\/option><option value=\"56\">56 &#8211; Morbihan<\/option><option value=\"57\">57 &#8211; Moselle<\/option><option value=\"58\">58 &#8211; Ni\u00e8vre<\/option><option value=\"59\">59 &#8211; Nord<\/option><option value=\"60\">60 &#8211; Oise<\/option><option value=\"61\">61 &#8211; Orne<\/option><option value=\"62\">62 &#8211; Pas-de-Calais<\/option><option value=\"63\">63 &#8211; Puy-de-D\u00f4me<\/option><option value=\"64\">64 &#8211; Pyr\u00e9n\u00e9es-Atlantiques<\/option><option value=\"65\">65 &#8211; Hautes-Pyr\u00e9n\u00e9es<\/option><option value=\"66\">66 &#8211; Pyr\u00e9n\u00e9es-Orientales<\/option><option value=\"67\">67 &#8211; Bas-Rhin<\/option><option value=\"68\">68 &#8211; Haut-Rhin<\/option><option value=\"69\">69 &#8211; Rh\u00f4ne<\/option><option value=\"70\">70 &#8211; Haute-Sa\u00f4ne<\/option><option value=\"71\">71 &#8211; Sa\u00f4ne-et-Loire<\/option><option value=\"72\">72 &#8211; Sarthe<\/option><option value=\"73\">73 &#8211; Savoie<\/option><option value=\"74\">74 &#8211; Haute-Savoie<\/option><option value=\"75\">75 &#8211; Paris<\/option><option value=\"76\">76 &#8211; Seine-Maritime<\/option><option value=\"77\">77 &#8211; Seine-et-Marne<\/option><option value=\"78\">78 &#8211; Yvelines<\/option><option value=\"79\">79 &#8211; Deux-S\u00e8vres<\/option><option value=\"80\">80 &#8211; Somme<\/option><option value=\"81\">81 &#8211; Tarn<\/option><option value=\"82\">82 &#8211; Tarn-et-Garonne<\/option><option value=\"83\">83 &#8211; Var<\/option><option value=\"84\">84 &#8211; Vaucluse<\/option><option value=\"85\">85 &#8211; Vend\u00e9e<\/option><option value=\"86\">86 &#8211; Vienne<\/option><option value=\"87\">87 &#8211; Haute-Vienne<\/option><option value=\"88\">88 &#8211; Vosges<\/option><option value=\"89\">89 &#8211; Yonne<\/option><option value=\"90\">90 &#8211; Territoire de Belfort<\/option><option value=\"91\">91 &#8211; Essonne<\/option><option value=\"92\">92 &#8211; Hauts-de-Seine<\/option><option value=\"93\">93 &#8211; Seine-Saint-Denis<\/option><option value=\"94\">94 &#8211; Val-de-Marne<\/option><option value=\"95\">95 &#8211; Val-d&rsquo;Oise<\/option><option value=\"96\">97 &#8211; Dom\/Tom<\/option><\/select><\/form>\n<p>[\/et_pb_text][et_pb_text admin_label=\u00a0\u00bbInfos\u00a0\u00bb global_module=\u00a0\u00bb246&Prime; saved_tabs=\u00a0\u00bball\u00a0\u00bb background_layout=\u00a0\u00bblight\u00a0\u00bb text_orientation=\u00a0\u00bbleft\u00a0\u00bb background_color=\u00a0\u00bb#eeeeee\u00a0\u00bb use_border_color=\u00a0\u00bboff\u00a0\u00bb border_color=\u00a0\u00bb#ffffff\u00a0\u00bb border_style=\u00a0\u00bbsolid\u00a0\u00bb custom_margin=\u00a0\u00bb0px|||\u00a0\u00bb custom_padding=\u00a0\u00bb10px|10px|10px|10px\u00a0\u00bb]<\/p>\n<p><span style=\"text-decoration: underline; color: #000000;\"><strong>Infos r\u00e9glementaires<\/strong><\/span><\/p>\n<ul>\n<li><a href=\"http:\/\/citpc.fr\/adeli\/capital-initial\/\">Capital initial<\/a><\/li>\n<li><a href=\"http:\/\/citpc.fr\/adeli\/bareme-des-infractions\/\">Bar\u00e8me des infractions<\/a><\/li>\n<li><a href=\"http:\/\/citpc.fr\/adeli\/les-differentes-lettres\/\">Les diff\u00e9rentes lettres<\/a><\/li>\n<li><a href=\"http:\/\/citpc.fr\/adeli\/permis-probatoire\/\">Permis probatoire<\/a><\/li>\n<li><a href=\"http:\/\/citpc.fr\/adeli\/recuperation-des-points\/\">R\u00e9cup\u00e9ration des points<\/a><\/li>\n<li><a href=\"http:\/\/citpc.fr\/adeli\/types-de-retrait-du-permis\/\">Types de retrait du permis<\/a><\/li>\n<li><a href=\"http:\/\/citpc.fr\/adeli\/tests-psychotechniques\/\">Tests psychotechniques<\/a><\/li>\n<li><a href=\"http:\/\/citpc.fr\/adeli\/visite-medicale\/\">Visite m\u00e9dicale<\/a><\/li>\n<li><a href=\"http:\/\/citpc.fr\/adeli\/conduite-sans-permis\/\">Conduite sans permis<\/a><\/li>\n<li><a href=\"http:\/\/citpc.fr\/adeli\/permis-a-points-et-chiffres\/\">Permis \u00e0 points et chiffres<\/a><\/li>\n<\/ul>\n<p>[\/et_pb_text][\/et_pb_column][\/et_pb_section]<\/p>\n","protected":false},"excerpt":{"rendered":"<p>[et_pb_section admin_label=\u00a0\u00bbSection\u00a0\u00bb global_module=\u00a0\u00bb768&Prime; fullwidth=\u00a0\u00bboff\u00a0\u00bb specialty=\u00a0\u00bboff\u00a0\u00bb transparent_background=\u00a0\u00bboff\u00a0\u00bb background_color=\u00a0\u00bb#777777&Prime; allow_player_pause=\u00a0\u00bboff\u00a0\u00bb inner_shadow=\u00a0\u00bboff\u00a0\u00bb parallax=\u00a0\u00bboff\u00a0\u00bb parallax_method=\u00a0\u00bboff\u00a0\u00bb padding_mobile=\u00a0\u00bboff\u00a0\u00bb make_fullwidth=\u00a0\u00bboff\u00a0\u00bb use_custom_width=\u00a0\u00bboff\u00a0\u00bb width_unit=\u00a0\u00bbon\u00a0\u00bb make_equal=\u00a0\u00bboff\u00a0\u00bb use_custom_gutter=\u00a0\u00bboff\u00a0\u00bb custom_padding=\u00a0\u00bb5px||0px|\u00a0\u00bb disabled=\u00a0\u00bboff\u00a0\u00bb disabled_on=\u00a0\u00bbon||\u00a0\u00bb][et_pb_row global_parent=\u00a0\u00bb768&Prime; admin_label=\u00a0\u00bbLigne\u00a0\u00bb make_fullwidth=\u00a0\u00bboff\u00a0\u00bb use_custom_width=\u00a0\u00bboff\u00a0\u00bb width_unit=\u00a0\u00bbon\u00a0\u00bb use_custom_gutter=\u00a0\u00bboff\u00a0\u00bb custom_padding=\u00a0\u00bb0px||0px|\u00a0\u00bb padding_mobile=\u00a0\u00bboff\u00a0\u00bb allow_player_pause=\u00a0\u00bboff\u00a0\u00bb parallax=\u00a0\u00bboff\u00a0\u00bb parallax_method=\u00a0\u00bboff\u00a0\u00bb make_equal=\u00a0\u00bboff\u00a0\u00bb parallax_1=\u00a0\u00bboff\u00a0\u00bb parallax_method_1=\u00a0\u00bboff\u00a0\u00bb parallax_2=\u00a0\u00bboff\u00a0\u00bb parallax_method_2=\u00a0\u00bboff\u00a0\u00bb parallax_3=\u00a0\u00bboff\u00a0\u00bb parallax_method_3=\u00a0\u00bboff\u00a0\u00bb parallax_4=\u00a0\u00bboff\u00a0\u00bb parallax_method_4=\u00a0\u00bboff\u00a0\u00bb column_padding_mobile=\u00a0\u00bbon\u00a0\u00bb][et_pb_column type=\u00a0\u00bb1_4&Prime;][et_pb_text global_parent=\u00a0\u00bb768&Prime; admin_label=\u00a0\u00bbInscription \u00e0 un test\u00a0\u00bb background_layout=\u00a0\u00bblight\u00a0\u00bb text_orientation=\u00a0\u00bbleft\u00a0\u00bb use_border_color=\u00a0\u00bboff\u00a0\u00bb border_color=\u00a0\u00bb#ffffff\u00a0\u00bb border_style=\u00a0\u00bbsolid\u00a0\u00bb] Inscription \u00e0 un [&hellip;]<\/p>\n","protected":false},"author":2,"featured_media":0,"parent":0,"menu_order":0,"comment_status":"closed","ping_status":"closed","template":"","meta":{"_et_pb_use_builder":"on","_et_pb_old_content":"","_et_gb_content_width":""},"_links":{"self":[{"href":"http:\/\/citpc.fr\/adeli\/wp-json\/wp\/v2\/pages\/554"}],"collection":[{"href":"http:\/\/citpc.fr\/adeli\/wp-json\/wp\/v2\/pages"}],"about":[{"href":"http:\/\/citpc.fr\/adeli\/wp-json\/wp\/v2\/types\/page"}],"author":[{"embeddable":true,"href":"http:\/\/citpc.fr\/adeli\/wp-json\/wp\/v2\/users\/2"}],"replies":[{"embeddable":true,"href":"http:\/\/citpc.fr\/adeli\/wp-json\/wp\/v2\/comments?post=554"}],"version-history":[{"count":20,"href":"http:\/\/citpc.fr\/adeli\/wp-json\/wp\/v2\/pages\/554\/revisions"}],"predecessor-version":[{"id":644,"href":"http:\/\/citpc.fr\/adeli\/wp-json\/wp\/v2\/pages\/554\/revisions\/644"}],"wp:attachment":[{"href":"http:\/\/citpc.fr\/adeli\/wp-json\/wp\/v2\/media?parent=554"}],"curies":[{"name":"wp","href":"https:\/\/api.w.org\/{rel}","templated":true}]}}