{"id":1152,"date":"2016-09-09T17:41:18","date_gmt":"2016-09-09T15:41:18","guid":{"rendered":"http:\/\/citpc.fr\/adeli\/?post_type=project&#038;p=1152"},"modified":"2016-09-09T17:41:18","modified_gmt":"2016-09-09T15:41:18","slug":"nouvel-arrete-pour-les-psychologues-souhaitant-faire-passer-les-tests-psychotechniques","status":"publish","type":"project","link":"http:\/\/citpc.fr\/adeli\/project\/nouvel-arrete-pour-les-psychologues-souhaitant-faire-passer-les-tests-psychotechniques\/","title":{"rendered":"Nouvel arr\u00eat\u00e9 pour les Psychologues souhaitant faire passer les Tests Psychotechniques"},"content":{"rendered":"<p>[et_pb_section admin_label=\u00a0\u00bbSection\u00a0\u00bb global_module=\u00a0\u00bb768&Prime; fullwidth=\u00a0\u00bboff\u00a0\u00bb specialty=\u00a0\u00bboff\u00a0\u00bb transparent_background=\u00a0\u00bboff\u00a0\u00bb background_color=\u00a0\u00bb#777777&Prime; allow_player_pause=\u00a0\u00bboff\u00a0\u00bb inner_shadow=\u00a0\u00bboff\u00a0\u00bb parallax=\u00a0\u00bboff\u00a0\u00bb parallax_method=\u00a0\u00bboff\u00a0\u00bb padding_mobile=\u00a0\u00bboff\u00a0\u00bb make_fullwidth=\u00a0\u00bboff\u00a0\u00bb use_custom_width=\u00a0\u00bboff\u00a0\u00bb width_unit=\u00a0\u00bbon\u00a0\u00bb make_equal=\u00a0\u00bboff\u00a0\u00bb use_custom_gutter=\u00a0\u00bboff\u00a0\u00bb custom_padding=\u00a0\u00bb5px||0px|\u00a0\u00bb disabled=\u00a0\u00bboff\u00a0\u00bb disabled_on=\u00a0\u00bbon||\u00a0\u00bb][et_pb_row global_parent=\u00a0\u00bb768&Prime; admin_label=\u00a0\u00bbLigne\u00a0\u00bb make_fullwidth=\u00a0\u00bboff\u00a0\u00bb use_custom_width=\u00a0\u00bboff\u00a0\u00bb width_unit=\u00a0\u00bbon\u00a0\u00bb use_custom_gutter=\u00a0\u00bboff\u00a0\u00bb custom_padding=\u00a0\u00bb0px||0px|\u00a0\u00bb padding_mobile=\u00a0\u00bboff\u00a0\u00bb allow_player_pause=\u00a0\u00bboff\u00a0\u00bb parallax=\u00a0\u00bboff\u00a0\u00bb parallax_method=\u00a0\u00bboff\u00a0\u00bb make_equal=\u00a0\u00bboff\u00a0\u00bb parallax_1=\u00a0\u00bboff\u00a0\u00bb parallax_method_1=\u00a0\u00bboff\u00a0\u00bb parallax_2=\u00a0\u00bboff\u00a0\u00bb parallax_method_2=\u00a0\u00bboff\u00a0\u00bb parallax_3=\u00a0\u00bboff\u00a0\u00bb parallax_method_3=\u00a0\u00bboff\u00a0\u00bb parallax_4=\u00a0\u00bboff\u00a0\u00bb parallax_method_4=\u00a0\u00bboff\u00a0\u00bb column_padding_mobile=\u00a0\u00bbon\u00a0\u00bb][et_pb_column type=\u00a0\u00bb1_4&Prime;][et_pb_text global_parent=\u00a0\u00bb768&Prime; admin_label=\u00a0\u00bbInscription \u00e0 un test\u00a0\u00bb background_layout=\u00a0\u00bblight\u00a0\u00bb text_orientation=\u00a0\u00bbleft\u00a0\u00bb use_border_color=\u00a0\u00bboff\u00a0\u00bb border_color=\u00a0\u00bb#ffffff\u00a0\u00bb border_style=\u00a0\u00bbsolid\u00a0\u00bb]<\/p>\n<h2 style=\"text-align: center;\"><span style=\"font-size: 12pt;\"><a href=\"http:\/\/citpc.fr\/adeli\/\"><span style=\"color: #ffffff;\"><strong>Inscription \u00e0 un test<\/strong><\/span><\/a><\/span><\/h2>\n<p>[\/et_pb_text][\/et_pb_column][et_pb_column type=\u00a0\u00bb1_4&Prime;][et_pb_text global_parent=\u00a0\u00bb768&Prime; admin_label=\u00a0\u00bbD\u00e9roulement\u00a0\u00bb background_layout=\u00a0\u00bblight\u00a0\u00bb text_orientation=\u00a0\u00bbleft\u00a0\u00bb use_border_color=\u00a0\u00bboff\u00a0\u00bb border_color=\u00a0\u00bb#ffffff\u00a0\u00bb border_style=\u00a0\u00bbsolid\u00a0\u00bb]<\/p>\n<h2 style=\"text-align: center;\"><span style=\"font-size: 12pt;\"><a href=\"http:\/\/citpc.fr\/adeli\/deroulement-du-test\/\"><span style=\"color: #ffffff;\"><strong>D\u00e9roulement du test<\/strong><\/span><\/a><\/span><\/h2>\n<p>[\/et_pb_text][\/et_pb_column][et_pb_column type=\u00a0\u00bb1_4&Prime;][et_pb_text global_parent=\u00a0\u00bb768&Prime; admin_label=\u00a0\u00bbProc\u00e9dure\u00a0\u00bb background_layout=\u00a0\u00bblight\u00a0\u00bb text_orientation=\u00a0\u00bbleft\u00a0\u00bb use_border_color=\u00a0\u00bboff\u00a0\u00bb border_color=\u00a0\u00bb#ffffff\u00a0\u00bb border_style=\u00a0\u00bbsolid\u00a0\u00bb]<\/p>\n<h2 style=\"text-align: center;\"><span style=\"font-size: 12pt;\"><a href=\"http:\/\/citpc.fr\/adeli\/procedure-dinscription-au-test-psychotechnique\/\"><span style=\"color: #ffffff;\"><strong>Proc\u00e9dure d\u2019inscription<\/strong><\/span><\/a><\/span><\/h2>\n<p>[\/et_pb_text][\/et_pb_column][et_pb_column type=\u00a0\u00bb1_4&Prime;][et_pb_text global_parent=\u00a0\u00bb768&Prime; admin_label=\u00a0\u00bbPsychologues\u00a0\u00bb background_layout=\u00a0\u00bblight\u00a0\u00bb text_orientation=\u00a0\u00bbleft\u00a0\u00bb use_border_color=\u00a0\u00bboff\u00a0\u00bb border_color=\u00a0\u00bb#ffffff\u00a0\u00bb border_style=\u00a0\u00bbsolid\u00a0\u00bb]<\/p>\n<h2 style=\"text-align: center;\"><span style=\"font-size: 12pt;\"><a href=\"http:\/\/citpc.fr\/adeli\/psychologues-adeli_ars\/\"><span style=\"color: #ffffff;\"><strong>Psychologues ADELI \/ ARS<\/strong><\/span><\/a><\/span><\/h2>\n<p>[\/et_pb_text][\/et_pb_column][\/et_pb_row][et_pb_row global_parent=\u00a0\u00bb768&Prime; admin_label=\u00a0\u00bbLigne\u00a0\u00bb make_fullwidth=\u00a0\u00bboff\u00a0\u00bb use_custom_width=\u00a0\u00bboff\u00a0\u00bb width_unit=\u00a0\u00bbon\u00a0\u00bb use_custom_gutter=\u00a0\u00bboff\u00a0\u00bb custom_padding=\u00a0\u00bb0px||0px|\u00a0\u00bb padding_mobile=\u00a0\u00bboff\u00a0\u00bb allow_player_pause=\u00a0\u00bboff\u00a0\u00bb parallax=\u00a0\u00bboff\u00a0\u00bb parallax_method=\u00a0\u00bboff\u00a0\u00bb make_equal=\u00a0\u00bboff\u00a0\u00bb parallax_1=\u00a0\u00bboff\u00a0\u00bb parallax_method_1=\u00a0\u00bboff\u00a0\u00bb parallax_2=\u00a0\u00bboff\u00a0\u00bb parallax_method_2=\u00a0\u00bboff\u00a0\u00bb parallax_3=\u00a0\u00bboff\u00a0\u00bb parallax_method_3=\u00a0\u00bboff\u00a0\u00bb parallax_4=\u00a0\u00bboff\u00a0\u00bb parallax_method_4=\u00a0\u00bboff\u00a0\u00bb column_padding_mobile=\u00a0\u00bbon\u00a0\u00bb][et_pb_column type=\u00a0\u00bb1_4&Prime;][et_pb_text global_parent=\u00a0\u00bb768&Prime; admin_label=\u00a0\u00bbAnnulation\u00a0\u00bb background_layout=\u00a0\u00bblight\u00a0\u00bb text_orientation=\u00a0\u00bbleft\u00a0\u00bb use_border_color=\u00a0\u00bboff\u00a0\u00bb border_color=\u00a0\u00bb#ffffff\u00a0\u00bb border_style=\u00a0\u00bbsolid\u00a0\u00bb]<\/p>\n<h2 style=\"text-align: center;\"><span style=\"font-size: 12pt;\"><a href=\"http:\/\/citpc.fr\/adeli\/annulation-du-permis\/\"><span style=\"color: #ffffff;\"><strong>Annulation du permis<\/strong><\/span><\/a><\/span><\/h2>\n<p>[\/et_pb_text][\/et_pb_column][et_pb_column type=\u00a0\u00bb1_4&Prime;][et_pb_text global_parent=\u00a0\u00bb768&Prime; admin_label=\u00a0\u00bbInvalidation\u00a0\u00bb background_layout=\u00a0\u00bblight\u00a0\u00bb text_orientation=\u00a0\u00bbleft\u00a0\u00bb use_border_color=\u00a0\u00bboff\u00a0\u00bb border_color=\u00a0\u00bb#ffffff\u00a0\u00bb border_style=\u00a0\u00bbsolid\u00a0\u00bb]<\/p>\n<h2 style=\"text-align: center;\"><span style=\"color: #ffffff; font-size: 12pt;\"><strong><a style=\"color: #ffffff;\" href=\"http:\/\/citpc.fr\/adeli\/invalidation-du-permis\/\">Invalidation du permis<\/a><\/strong><\/span><\/h2>\n<p>[\/et_pb_text][\/et_pb_column][et_pb_column type=\u00a0\u00bb1_4&Prime;][et_pb_text global_parent=\u00a0\u00bb768&Prime; admin_label=\u00a0\u00bbSuspension\u00a0\u00bb background_layout=\u00a0\u00bblight\u00a0\u00bb text_orientation=\u00a0\u00bbleft\u00a0\u00bb use_border_color=\u00a0\u00bboff\u00a0\u00bb border_color=\u00a0\u00bb#ffffff\u00a0\u00bb border_style=\u00a0\u00bbsolid\u00a0\u00bb]<\/p>\n<h2 style=\"text-align: center;\"><span style=\"font-size: 12pt;\"><a href=\"http:\/\/citpc.fr\/adeli\/suspension-du-permis\/\"><span style=\"color: #ffffff;\"><strong>Suspension du permis<\/strong><\/span><\/a><\/span><\/h2>\n<p>[\/et_pb_text][\/et_pb_column][et_pb_column type=\u00a0\u00bb1_4&Prime;][et_pb_text global_parent=\u00a0\u00bb768&Prime; admin_label=\u00a0\u00bbPr\u00e9fectures\u00a0\u00bb background_layout=\u00a0\u00bblight\u00a0\u00bb text_orientation=\u00a0\u00bbleft\u00a0\u00bb use_border_color=\u00a0\u00bboff\u00a0\u00bb border_color=\u00a0\u00bb#ffffff\u00a0\u00bb border_style=\u00a0\u00bbsolid\u00a0\u00bb]<\/p>\n<h2 style=\"text-align: center;\"><span style=\"color: #ffffff; font-size: 12pt;\"><strong><a href=\"http:\/\/citpc.fr\/adeli\/liste-des-prefectures\/\">Liste des pr\u00e9fectures<\/a> <\/strong><\/span><\/h2>\n<p>[\/et_pb_text][\/et_pb_column][\/et_pb_row][\/et_pb_section][et_pb_section admin_label=\u00a0\u00bbSection\u00a0\u00bb fullwidth=\u00a0\u00bboff\u00a0\u00bb specialty=\u00a0\u00bbon\u00a0\u00bb transparent_background=\u00a0\u00bboff\u00a0\u00bb background_color=\u00a0\u00bb#ffffff\u00a0\u00bb allow_player_pause=\u00a0\u00bboff\u00a0\u00bb inner_shadow=\u00a0\u00bboff\u00a0\u00bb parallax=\u00a0\u00bboff\u00a0\u00bb parallax_method=\u00a0\u00bboff\u00a0\u00bb padding_mobile=\u00a0\u00bboff\u00a0\u00bb make_fullwidth=\u00a0\u00bboff\u00a0\u00bb use_custom_width=\u00a0\u00bboff\u00a0\u00bb width_unit=\u00a0\u00bbon\u00a0\u00bb make_equal=\u00a0\u00bboff\u00a0\u00bb use_custom_gutter=\u00a0\u00bboff\u00a0\u00bb parallax_1=\u00a0\u00bboff\u00a0\u00bb parallax_method_1=\u00a0\u00bboff\u00a0\u00bb parallax_2=\u00a0\u00bboff\u00a0\u00bb parallax_method_2=\u00a0\u00bboff\u00a0\u00bb custom_padding=\u00a0\u00bb10px|||\u00a0\u00bb][et_pb_column type=\u00a0\u00bb3_4&Prime; specialty_columns=\u00a0\u00bb3&Prime;][et_pb_row_inner admin_label=\u00a0\u00bbLigne\u00a0\u00bb][et_pb_column_inner type=\u00a0\u00bb4_4&Prime; saved_specialty_column_type=\u00a0\u00bb3_4&Prime;][et_pb_text admin_label=\u00a0\u00bbTexte\u00a0\u00bb background_layout=\u00a0\u00bblight\u00a0\u00bb text_orientation=\u00a0\u00bbleft\u00a0\u00bb use_border_color=\u00a0\u00bboff\u00a0\u00bb border_color=\u00a0\u00bb#ffffff\u00a0\u00bb border_style=\u00a0\u00bbsolid\u00a0\u00bb custom_margin=\u00a0\u00bb20px|||\u00a0\u00bb]<\/p>\n<p align=\"LEFT\"><strong>L&rsquo;arr\u00eat\u00e9 du 26 ao\u00fbt 2016 relatif \u00e0 l&rsquo;examen psychotechnique pr\u00e9vu dans le cadre du contr\u00f4le m\u00e9dical de l&rsquo;aptitude \u00e0 la conduite paru au journal officiel le 6 septembre vient \u00e9claircir les modalit\u00e9s de la mise en place de la nouvelle r\u00e9forme.<\/strong><\/p>\n<p align=\"LEFT\">Comme annonc\u00e9 fin janvier par les autorit\u00e9s, il n&rsquo; y aura plus d&rsquo;agr\u00e9ment pr\u00e9fectoral pour faire passer les tests psychotechniques du permis de conduire. Maintenant, toute personne souhaitant organiser ce type d&rsquo;examen devra adresser une simple d\u00e9claration \u00e0 cet effet aux pr\u00e9fets des d\u00e9partements dans le ressort desquels elle souhaite exercer cette activit\u00e9.<\/p>\n<p align=\"LEFT\">Comme auparavant, l&rsquo;examen psychotechnique sera r\u00e9alis\u00e9 par un psychologue inscrit au r\u00e9pertoire \u00ab Automatisation DEs Listes \u00bb, ADELI. Soit le psychologue r\u00e9alisera les examens psychotechniques au sein de sa propre structure, soit il sera employ\u00e9 par un centre comme c&rsquo;est le cas aujourd&rsquo;hui.<\/p>\n<p>Petite nouveaut\u00e9 : les psychologues devront suivre une formation sp\u00e9cifique dont l&rsquo;exigibilit\u00e9 et les modalit\u00e9s font l&rsquo;objet d&rsquo;un arr\u00eat\u00e9 conjoint du ministre charg\u00e9 de la s\u00e9curit\u00e9 routi\u00e8re et du ministre charg\u00e9 de la sant\u00e9.<a href=\"https:\/\/www.legifrance.gouv.fr\/affichTexte.do?cidTexte=JORFTEXT000033096953&amp;dateTexte=&amp;categorieLien=id\"><img loading=\"lazy\" class=\"wp-image-887 alignright\" src=\"http:\/\/citpc.fr\/adeli\/wp-content\/uploads\/2016\/04\/entretien-psychologue-adeli-ars.jpg\" alt=\"entretien-psychologue-adeli-ars\" width=\"257\" height=\"193\" \/><\/a><\/p>\n<p>L&rsquo;examen psychotechnique quant \u00e0 lui devra durer au minimum 40 minutes et comprendra un entretien individuel ainsi qu&rsquo;un ou plusieurs tests psychotechniques destin\u00e9s \u00e0 v\u00e9rifier la bonne ad\u00e9quation entre les comportements et les habilet\u00e9s des conducteurs. Les tests utilis\u00e9s devront r\u00e9pondre aux pr\u00e9conisations pr\u00e9vues en annexe du pr\u00e9sent arr\u00eat\u00e9 et font l&rsquo;objet d&rsquo;une liste \u00e9tablie sur proposition de l&rsquo;Institut fran\u00e7ais des sciences et technologies des transports, de l&rsquo;am\u00e9nagement et des r\u00e9seaux, l&rsquo;IFSTTAR. Cette liste n&rsquo;existe pas pour le moment.<\/p>\n<p><span style=\"text-decoration: underline;\">Ci-dessous le lien internet vers l&rsquo;int\u00e9gralit\u00e9 de l&rsquo;arr\u00eat\u00e9 en question.<\/span><\/p>\n<p><a href=\"https:\/\/www.legifrance.gouv.fr\/affichTexte.do?cidTexte=JORFTEXT000033096953&amp;dateTexte=&amp;categorieLien=id\">https:\/\/www.legifrance.gouv.fr\/affichTexte.do?cidTexte=JORFTEXT000033096953&amp;dateTexte=&amp;categorieLien=id<\/a><\/p>\n<p>[\/et_pb_text][\/et_pb_column_inner][\/et_pb_row_inner][\/et_pb_column][et_pb_column type=\u00a0\u00bb1_4&Prime;][et_pb_text admin_label=\u00a0\u00bbD\u00e9partement\u00a0\u00bb global_module=\u00a0\u00bb846&Prime; saved_tabs=\u00a0\u00bball\u00a0\u00bb background_layout=\u00a0\u00bblight\u00a0\u00bb text_orientation=\u00a0\u00bbleft\u00a0\u00bb background_color=\u00a0\u00bb#6c9bc1&Prime; use_border_color=\u00a0\u00bboff\u00a0\u00bb border_color=\u00a0\u00bb#ffffff\u00a0\u00bb border_style=\u00a0\u00bbsolid\u00a0\u00bb custom_margin=\u00a0\u00bb||0px|\u00a0\u00bb custom_padding=\u00a0\u00bb10px|10px|10px|10px\u00a0\u00bb]<\/p>\n<h1><span style=\"color: #ffffff; font-size: 14pt;\">R\u00e9server un test psychotechnique<\/span><\/h1>\n<form action=\"http:\/\/citpc.fr\/tests.php\" method=\"get\"><select id=\"id\" class=\"select\" name=\"id\" onchange=\"javascript:submit();\"><option value=\"\">Votre d\u00e9partement<\/option><option value=\"1\">01 &#8211; Ain<\/option><option value=\"2\">02 &#8211; Aisne<\/option><option value=\"3\">03 &#8211; Allier<\/option><option value=\"4\">04 &#8211; Alpes-de-Haute-Provence<\/option><option value=\"5\">05 &#8211; Hautes-Alpes<\/option><option value=\"6\">06 &#8211; Alpes-Maritimes<\/option><option value=\"7\">07 &#8211; Ard\u00e8che<\/option><option value=\"8\">08 &#8211; Ardennes<\/option><option value=\"9\">09 &#8211; Ari\u00e8ge<\/option><option value=\"10\">10 &#8211; Aube<\/option><option value=\"11\">11 &#8211; Aude<\/option><option value=\"12\">12 &#8211; Aveyron<\/option><option value=\"13\">13 &#8211; Bouches-du-Rh\u00f4ne<\/option><option value=\"14\">14 &#8211; Calvados<\/option><option value=\"15\">15 &#8211; Cantal<\/option><option value=\"16\">16 &#8211; Charente<\/option><option value=\"17\">17 &#8211; Charente-Maritime<\/option><option value=\"18\">18 &#8211; Cher<\/option><option value=\"19\">19 &#8211; Corr\u00e8ze<\/option><option value=\"20\">20 &#8211; Corse (2A et 2B)<\/option><option value=\"21\">21 &#8211; C\u00f4te-d&rsquo;Or<\/option><option value=\"22\">22 &#8211; C\u00f4tes-d&rsquo;Armor<\/option><option value=\"23\">23 &#8211; Creuse<\/option><option value=\"24\">24 &#8211; Dordogne<\/option><option value=\"25\">25 &#8211; Doubs<\/option><option value=\"26\">26 &#8211; Dr\u00f4me<\/option><option value=\"27\">27 &#8211; Eure<\/option><option value=\"28\">28 &#8211; Eure-et-Loir<\/option><option value=\"29\">29 &#8211; Finist\u00e8re<\/option><option value=\"30\">30 &#8211; Gard<\/option><option value=\"31\">31 &#8211; Haute-Garonne<\/option><option value=\"32\">32 &#8211; Gers<\/option><option value=\"33\">33 &#8211; Gironde<\/option><option value=\"34\">34 &#8211; H\u00e9rault<\/option><option value=\"35\">35 &#8211; Ille-et-Vilaine<\/option><option value=\"36\">36 &#8211; Indre<\/option><option value=\"37\">37 &#8211; Indre-et-Loire<\/option><option value=\"38\">38 &#8211; Is\u00e8re<\/option><option value=\"39\">39 &#8211; Jura<\/option><option value=\"40\">40 &#8211; Landes<\/option><option value=\"41\">41 &#8211; Loir-et-Cher<\/option><option value=\"42\">42 &#8211; Loire<\/option><option value=\"43\">43 &#8211; Haute-Loire<\/option><option value=\"44\">44 &#8211; Loire-Atlantique<\/option><option value=\"45\">45 &#8211; Loiret<\/option><option value=\"46\">46 &#8211; Lot<\/option><option value=\"47\">47 &#8211; Lot-et-Garonne<\/option><option value=\"48\">48 &#8211; Loz\u00e8re<\/option><option value=\"49\">49 &#8211; Maine-et-Loire<\/option><option value=\"50\">50 &#8211; Manche<\/option><option value=\"51\">51 &#8211; Marne<\/option><option value=\"52\">52 &#8211; Haute-Marne<\/option><option value=\"53\">53 &#8211; Mayenne<\/option><option value=\"54\">54 &#8211; Meurthe-et-Moselle<\/option><option value=\"55\">55 &#8211; Meuse<\/option><option value=\"56\">56 &#8211; Morbihan<\/option><option value=\"57\">57 &#8211; Moselle<\/option><option value=\"58\">58 &#8211; Ni\u00e8vre<\/option><option value=\"59\">59 &#8211; Nord<\/option><option value=\"60\">60 &#8211; Oise<\/option><option value=\"61\">61 &#8211; Orne<\/option><option value=\"62\">62 &#8211; Pas-de-Calais<\/option><option value=\"63\">63 &#8211; Puy-de-D\u00f4me<\/option><option value=\"64\">64 &#8211; Pyr\u00e9n\u00e9es-Atlantiques<\/option><option value=\"65\">65 &#8211; Hautes-Pyr\u00e9n\u00e9es<\/option><option value=\"66\">66 &#8211; Pyr\u00e9n\u00e9es-Orientales<\/option><option value=\"67\">67 &#8211; Bas-Rhin<\/option><option value=\"68\">68 &#8211; Haut-Rhin<\/option><option value=\"69\">69 &#8211; Rh\u00f4ne<\/option><option value=\"70\">70 &#8211; Haute-Sa\u00f4ne<\/option><option value=\"71\">71 &#8211; Sa\u00f4ne-et-Loire<\/option><option value=\"72\">72 &#8211; Sarthe<\/option><option value=\"73\">73 &#8211; Savoie<\/option><option value=\"74\">74 &#8211; Haute-Savoie<\/option><option value=\"75\">75 &#8211; Paris<\/option><option value=\"76\">76 &#8211; Seine-Maritime<\/option><option value=\"77\">77 &#8211; Seine-et-Marne<\/option><option value=\"78\">78 &#8211; Yvelines<\/option><option value=\"79\">79 &#8211; Deux-S\u00e8vres<\/option><option value=\"80\">80 &#8211; Somme<\/option><option value=\"81\">81 &#8211; Tarn<\/option><option value=\"82\">82 &#8211; Tarn-et-Garonne<\/option><option value=\"83\">83 &#8211; Var<\/option><option value=\"84\">84 &#8211; Vaucluse<\/option><option value=\"85\">85 &#8211; Vend\u00e9e<\/option><option value=\"86\">86 &#8211; Vienne<\/option><option value=\"87\">87 &#8211; Haute-Vienne<\/option><option value=\"88\">88 &#8211; Vosges<\/option><option value=\"89\">89 &#8211; Yonne<\/option><option value=\"90\">90 &#8211; Territoire de Belfort<\/option><option value=\"91\">91 &#8211; Essonne<\/option><option value=\"92\">92 &#8211; Hauts-de-Seine<\/option><option value=\"93\">93 &#8211; Seine-Saint-Denis<\/option><option value=\"94\">94 &#8211; Val-de-Marne<\/option><option value=\"95\">95 &#8211; Val-d&rsquo;Oise<\/option><option value=\"96\">97 &#8211; Dom\/Tom<\/option><\/select><\/form>\n<p>[\/et_pb_text][et_pb_text admin_label=\u00a0\u00bbInfos\u00a0\u00bb global_module=\u00a0\u00bb246&Prime; saved_tabs=\u00a0\u00bball\u00a0\u00bb background_layout=\u00a0\u00bblight\u00a0\u00bb text_orientation=\u00a0\u00bbleft\u00a0\u00bb background_color=\u00a0\u00bb#eeeeee\u00a0\u00bb use_border_color=\u00a0\u00bboff\u00a0\u00bb border_color=\u00a0\u00bb#ffffff\u00a0\u00bb border_style=\u00a0\u00bbsolid\u00a0\u00bb custom_margin=\u00a0\u00bb0px|||\u00a0\u00bb custom_padding=\u00a0\u00bb10px|10px|10px|10px\u00a0\u00bb]<\/p>\n<p><span style=\"text-decoration: underline; color: #000000;\"><strong>Infos r\u00e9glementaires<\/strong><\/span><\/p>\n<ul>\n<li><a href=\"http:\/\/citpc.fr\/adeli\/capital-initial\/\">Capital initial<\/a><\/li>\n<li><a href=\"http:\/\/citpc.fr\/adeli\/bareme-des-infractions\/\">Bar\u00e8me des infractions<\/a><\/li>\n<li><a href=\"http:\/\/citpc.fr\/adeli\/les-differentes-lettres\/\">Les diff\u00e9rentes lettres<\/a><\/li>\n<li><a href=\"http:\/\/citpc.fr\/adeli\/permis-probatoire\/\">Permis probatoire<\/a><\/li>\n<li><a href=\"http:\/\/citpc.fr\/adeli\/recuperation-des-points\/\">R\u00e9cup\u00e9ration des points<\/a><\/li>\n<li><a href=\"http:\/\/citpc.fr\/adeli\/types-de-retrait-du-permis\/\">Types de retrait du permis<\/a><\/li>\n<li><a href=\"http:\/\/citpc.fr\/adeli\/tests-psychotechniques\/\">Tests psychotechniques<\/a><\/li>\n<li><a href=\"http:\/\/citpc.fr\/adeli\/visite-medicale\/\">Visite m\u00e9dicale<\/a><\/li>\n<li><a href=\"http:\/\/citpc.fr\/adeli\/conduite-sans-permis\/\">Conduite sans permis<\/a><\/li>\n<li><a href=\"http:\/\/citpc.fr\/adeli\/permis-a-points-et-chiffres\/\">Permis \u00e0 points et chiffres<\/a><\/li>\n<\/ul>\n<p>[\/et_pb_text][\/et_pb_column][\/et_pb_section]<\/p>\n","protected":false},"excerpt":{"rendered":"<p>[et_pb_section admin_label=\u00a0\u00bbSection\u00a0\u00bb global_module=\u00a0\u00bb768&Prime; fullwidth=\u00a0\u00bboff\u00a0\u00bb specialty=\u00a0\u00bboff\u00a0\u00bb transparent_background=\u00a0\u00bboff\u00a0\u00bb background_color=\u00a0\u00bb#777777&Prime; allow_player_pause=\u00a0\u00bboff\u00a0\u00bb inner_shadow=\u00a0\u00bboff\u00a0\u00bb parallax=\u00a0\u00bboff\u00a0\u00bb parallax_method=\u00a0\u00bboff\u00a0\u00bb padding_mobile=\u00a0\u00bboff\u00a0\u00bb make_fullwidth=\u00a0\u00bboff\u00a0\u00bb use_custom_width=\u00a0\u00bboff\u00a0\u00bb width_unit=\u00a0\u00bbon\u00a0\u00bb make_equal=\u00a0\u00bboff\u00a0\u00bb use_custom_gutter=\u00a0\u00bboff\u00a0\u00bb custom_padding=\u00a0\u00bb5px||0px|\u00a0\u00bb disabled=\u00a0\u00bboff\u00a0\u00bb disabled_on=\u00a0\u00bbon||\u00a0\u00bb][et_pb_row global_parent=\u00a0\u00bb768&Prime; admin_label=\u00a0\u00bbLigne\u00a0\u00bb make_fullwidth=\u00a0\u00bboff\u00a0\u00bb use_custom_width=\u00a0\u00bboff\u00a0\u00bb width_unit=\u00a0\u00bbon\u00a0\u00bb use_custom_gutter=\u00a0\u00bboff\u00a0\u00bb custom_padding=\u00a0\u00bb0px||0px|\u00a0\u00bb padding_mobile=\u00a0\u00bboff\u00a0\u00bb allow_player_pause=\u00a0\u00bboff\u00a0\u00bb parallax=\u00a0\u00bboff\u00a0\u00bb parallax_method=\u00a0\u00bboff\u00a0\u00bb make_equal=\u00a0\u00bboff\u00a0\u00bb parallax_1=\u00a0\u00bboff\u00a0\u00bb parallax_method_1=\u00a0\u00bboff\u00a0\u00bb parallax_2=\u00a0\u00bboff\u00a0\u00bb parallax_method_2=\u00a0\u00bboff\u00a0\u00bb parallax_3=\u00a0\u00bboff\u00a0\u00bb parallax_method_3=\u00a0\u00bboff\u00a0\u00bb parallax_4=\u00a0\u00bboff\u00a0\u00bb parallax_method_4=\u00a0\u00bboff\u00a0\u00bb column_padding_mobile=\u00a0\u00bbon\u00a0\u00bb][et_pb_column type=\u00a0\u00bb1_4&Prime;][et_pb_text global_parent=\u00a0\u00bb768&Prime; admin_label=\u00a0\u00bbInscription \u00e0 un test\u00a0\u00bb background_layout=\u00a0\u00bblight\u00a0\u00bb text_orientation=\u00a0\u00bbleft\u00a0\u00bb use_border_color=\u00a0\u00bboff\u00a0\u00bb border_color=\u00a0\u00bb#ffffff\u00a0\u00bb border_style=\u00a0\u00bbsolid\u00a0\u00bb] Inscription \u00e0 un [&hellip;]<\/p>\n","protected":false},"author":2,"featured_media":887,"comment_status":"open","ping_status":"closed","template":"","meta":{"_et_pb_use_builder":"on","_et_pb_old_content":"","_et_gb_content_width":""},"project_category":[12],"project_tag":[],"_links":{"self":[{"href":"http:\/\/citpc.fr\/adeli\/wp-json\/wp\/v2\/project\/1152"}],"collection":[{"href":"http:\/\/citpc.fr\/adeli\/wp-json\/wp\/v2\/project"}],"about":[{"href":"http:\/\/citpc.fr\/adeli\/wp-json\/wp\/v2\/types\/project"}],"author":[{"embeddable":true,"href":"http:\/\/citpc.fr\/adeli\/wp-json\/wp\/v2\/users\/2"}],"replies":[{"embeddable":true,"href":"http:\/\/citpc.fr\/adeli\/wp-json\/wp\/v2\/comments?post=1152"}],"version-history":[{"count":1,"href":"http:\/\/citpc.fr\/adeli\/wp-json\/wp\/v2\/project\/1152\/revisions"}],"predecessor-version":[{"id":1153,"href":"http:\/\/citpc.fr\/adeli\/wp-json\/wp\/v2\/project\/1152\/revisions\/1153"}],"wp:featuredmedia":[{"embeddable":true,"href":"http:\/\/citpc.fr\/adeli\/wp-json\/wp\/v2\/media\/887"}],"wp:attachment":[{"href":"http:\/\/citpc.fr\/adeli\/wp-json\/wp\/v2\/media?parent=1152"}],"wp:term":[{"taxonomy":"project_category","embeddable":true,"href":"http:\/\/citpc.fr\/adeli\/wp-json\/wp\/v2\/project_category?post=1152"},{"taxonomy":"project_tag","embeddable":true,"href":"http:\/\/citpc.fr\/adeli\/wp-json\/wp\/v2\/project_tag?post=1152"}],"curies":[{"name":"wp","href":"https:\/\/api.w.org\/{rel}","templated":true}]}}